{"id":69548,"date":"2025-05-12T15:13:39","date_gmt":"2025-05-12T21:13:39","guid":{"rendered":"https:\/\/thebelizecollection.com\/vacaciones-en-la-selva-tropical-y-en-isla-privada-de-belice\/"},"modified":"2026-03-17T08:37:41","modified_gmt":"2026-03-17T14:37:41","slug":"vacaciones-en-la-selva-tropical-y-en-isla-privada-de-belice","status":"publish","type":"page","link":"https:\/\/thebelizecollection.com\/es\/vacaciones-en-la-selva-tropical-y-en-isla-privada-de-belice\/","title":{"rendered":"Vacaciones en la Selva Tropical y en Isla Privada de Belice"},"content":{"rendered":"\t\t<div data-elementor-type=\"wp-page\" data-elementor-id=\"69548\" class=\"elementor elementor-69548 elementor-14756\" data-elementor-post-type=\"page\">\n\t\t\t\t<div class=\"elementor-element elementor-element-e26fd71 e-con-full elementor-hidden-mobile e-flex e-con e-parent\" data-id=\"e26fd71\" data-element_type=\"container\" data-e-type=\"container\" data-settings=\"{&quot;background_background&quot;:&quot;classic&quot;}\">\n\t\t\t\t<\/div>\n\t\t<div class=\"elementor-element elementor-element-532c627e e-flex e-con-boxed e-con e-parent\" data-id=\"532c627e\" data-element_type=\"container\" data-e-type=\"container\">\n\t\t\t\t\t<div class=\"e-con-inner\">\n\t\t<div class=\"elementor-element elementor-element-66a97e2c e-con-full e-flex e-con e-child\" data-id=\"66a97e2c\" data-element_type=\"container\" data-e-type=\"container\" data-settings=\"{&quot;background_background&quot;:&quot;classic&quot;}\">\n\t\t\t\t<\/div>\n\t\t<div class=\"elementor-element elementor-element-2e09fa10 e-con-full e-flex e-con e-child\" data-id=\"2e09fa10\" data-element_type=\"container\" data-e-type=\"container\">\n\t\t\t\t<div class=\"elementor-element elementor-element-74147209 elementor-widget elementor-widget-heading\" data-id=\"74147209\" data-element_type=\"widget\" data-e-type=\"widget\" data-widget_type=\"heading.default\">\n\t\t\t\t<div class=\"elementor-widget-container\">\n\t\t\t\t\t<h1 class=\"elementor-heading-title elementor-size-default\">Vacaciones en la Selva Tropical y en Isla Privada de Belice<\/h1>\t\t\t\t<\/div>\n\t\t\t\t<\/div>\n\t\t\t\t<div class=\"elementor-element elementor-element-733b0c4f elementor-widget elementor-widget-heading\" data-id=\"733b0c4f\" data-element_type=\"widget\" data-e-type=\"widget\" data-widget_type=\"heading.default\">\n\t\t\t\t<div class=\"elementor-widget-container\">\n\t\t\t\t\t<h3 class=\"elementor-heading-title elementor-size-default\">Reserve su experiencia tropical definitiva con nosotros.<\/h3>\t\t\t\t<\/div>\n\t\t\t\t<\/div>\n\t\t\t\t<div class=\"elementor-element elementor-element-1037ea0b elementor-widget elementor-widget-text-editor\" data-id=\"1037ea0b\" data-element_type=\"widget\" data-e-type=\"widget\" data-widget_type=\"text-editor.default\">\n\t\t\t\t<div class=\"elementor-widget-container\">\n\t\t\t\t\t\t\t\t\t<div class=\"elementor-element elementor-element-3fd73d8 elementor-widget elementor-widget-text-editor\" data-id=\"3fd73d8\" data-element_type=\"widget\" data-widget_type=\"text-editor.default\"><div class=\"elementor-widget-container\">Desde el verde exuberante de la selva tropical hasta la vibrante actividad de una c\u00e1lida isla privada, este paquete todo incluido ofrece Belice tal como es y siempre ha sido: aut\u00e9ntico y directo. Busque aventura y cultura en la selva y rel\u00e1jese bajo el resplandor del sol perezoso, con el paquete The Rainforest Lodge at Sleeping Giant y Ray Caye Private Island Resort. <\/div><\/div>\t\t\t\t\t\t\t\t<\/div>\n\t\t\t\t<\/div>\n\t\t\t\t<div class=\"elementor-element elementor-element-39c6e114 elementor-widget elementor-widget-heading\" data-id=\"39c6e114\" data-element_type=\"widget\" data-e-type=\"widget\" data-widget_type=\"heading.default\">\n\t\t\t\t<div class=\"elementor-widget-container\">\n\t\t\t\t\t<h2 class=\"elementor-heading-title elementor-size-default\">Incluido en esta experiencia:<\/h2>\t\t\t\t<\/div>\n\t\t\t\t<\/div>\n\t\t\t\t<div class=\"elementor-element elementor-element-18467446 elementor-widget elementor-widget-text-editor\" data-id=\"18467446\" data-element_type=\"widget\" data-e-type=\"widget\" data-widget_type=\"text-editor.default\">\n\t\t\t\t<div class=\"elementor-widget-container\">\n\t\t\t\t\t\t\t\t\t<p><strong>The Rainforest Lodge at Sleeping Giant:<\/strong><\/p><ul><li>Traslado desde el Aeropuerto Internacional a The Rainforest Lodge at Sleeping Giant.<\/li><li>Tres (3) noches en una caba\u00f1a de lujo junto al arroyo o en una suite con vistas al r\u00edo (cuando est\u00e9 disponible).<\/li><li>Desayuno, almuerzo y cena para 2 personas, con la cena servida en el galardonado restaurante Grove House o en Don Tonitio\u2019s Pizzeria.<\/li><li>Tour por la ruina maya de Xunantunich.<\/li><li>Tour por la cueva ceremonial maya.<\/li><li>Masaje de aromaterapia para dos (1 hora).<\/li><li>Traslado desde Sleeping Giant Rainforest Lodge a la pista de aterrizaje de Placencia.<\/li><li>Todos los impuestos.<\/li><\/ul><p><strong>Ray Caye Island Resort:<\/strong><\/p><div class=\"elementor-element elementor-element-b246a24 elementor-widget elementor-widget-text-editor\" data-id=\"b246a24\" data-element_type=\"widget\" data-widget_type=\"text-editor.default\"><div class=\"elementor-widget-container\"><ul><li>Traslado terrestre a la pista de aterrizaje de Placencia.<\/li><li>Traslado en barco a la isla (ida y vuelta).<\/li><li>Cuatro (4) noches en una caba\u00f1a frente al mar.<\/li><li>Todas las comidas (desayuno, almuerzo y cena de 3 platos), sin bebidas, excepto caf\u00e9\/t\u00e9 por la ma\u00f1ana y agua de mesa.<\/li><li>Una (1) excursi\u00f3n de snorkel al lugar de las tortugas, incluyendo las tasas del parque marino.<\/li><li>Todos los impuestos.<\/li><\/ul><\/div><\/div>\t\t\t\t\t\t\t\t<\/div>\n\t\t\t\t<\/div>\n\t\t\t\t<div class=\"elementor-element elementor-element-27ab0ec6 elementor-widget elementor-widget-heading\" data-id=\"27ab0ec6\" data-element_type=\"widget\" data-e-type=\"widget\" data-widget_type=\"heading.default\">\n\t\t\t\t<div class=\"elementor-widget-container\">\n\t\t\t\t\t<h2 class=\"elementor-heading-title elementor-size-default\">A PARTIR DE 6.200,00 USD<\/h2>\t\t\t\t<\/div>\n\t\t\t\t<\/div>\n\t\t\t\t<div class=\"elementor-element elementor-element-4574301b elementor-widget elementor-widget-text-editor\" data-id=\"4574301b\" data-element_type=\"widget\" data-e-type=\"widget\" data-widget_type=\"text-editor.default\">\n\t\t\t\t<div class=\"elementor-widget-container\">\n\t\t\t\t\t\t\t\t\t<div class=\"elementor-element elementor-element-3fd73d8 elementor-widget elementor-widget-text-editor\" data-id=\"3fd73d8\" data-element_type=\"widget\" data-widget_type=\"text-editor.default\"><div class=\"elementor-widget-container\"><ul><li>El precio del paquete est\u00e1 basado en 2 personas.<\/li><\/ul><\/div><\/div>\t\t\t\t\t\t\t\t<\/div>\n\t\t\t\t<\/div>\n\t\t<div class=\"elementor-element elementor-element-ae4e8f5 e-grid e-con-full e-con e-child\" data-id=\"ae4e8f5\" data-element_type=\"container\" data-e-type=\"container\">\n\t\t\t\t<div class=\"elementor-element elementor-element-252d3bfb elementor-align-left elementor-widget elementor-widget-button\" data-id=\"252d3bfb\" data-element_type=\"widget\" data-e-type=\"widget\" data-widget_type=\"button.default\">\n\t\t\t\t<div class=\"elementor-widget-container\">\n\t\t\t\t\t\t\t\t\t<div class=\"elementor-button-wrapper\">\n\t\t\t\t\t<a class=\"elementor-button elementor-button-link elementor-size-sm\" href=\"https:\/\/thebelizecollection.com\/es\/contacto\/\">\n\t\t\t\t\t\t<span class=\"elementor-button-content-wrapper\">\n\t\t\t\t\t\t\t\t\t<span class=\"elementor-button-text\">CONTACTO<\/span>\n\t\t\t\t\t<\/span>\n\t\t\t\t\t<\/a>\n\t\t\t\t<\/div>\n\t\t\t\t\t\t\t\t<\/div>\n\t\t\t\t<\/div>\n\t\t\t\t<div class=\"elementor-element elementor-element-8dac967 elementor-align-left elementor-widget elementor-widget-button\" data-id=\"8dac967\" data-element_type=\"widget\" data-e-type=\"widget\" data-widget_type=\"button.default\">\n\t\t\t\t<div class=\"elementor-widget-container\">\n\t\t\t\t\t\t\t\t\t<div class=\"elementor-button-wrapper\">\n\t\t\t\t\t<a class=\"elementor-button elementor-button-link elementor-size-sm\" href=\"https:\/\/thebelizecollection.com\/vacation-packages\/\">\n\t\t\t\t\t\t<span class=\"elementor-button-content-wrapper\">\n\t\t\t\t\t\t<span class=\"elementor-button-icon\">\n\t\t\t\t<svg aria-hidden=\"true\" class=\"e-font-icon-svg e-fas-arrow-left\" viewBox=\"0 0 448 512\" xmlns=\"http:\/\/www.w3.org\/2000\/svg\"><path d=\"M257.5 445.1l-22.2 22.2c-9.4 9.4-24.6 9.4-33.9 0L7 273c-9.4-9.4-9.4-24.6 0-33.9L201.4 44.7c9.4-9.4 24.6-9.4 33.9 0l22.2 22.2c9.5 9.5 9.3 25-.4 34.3L136.6 216H424c13.3 0 24 10.7 24 24v32c0 13.3-10.7 24-24 24H136.6l120.5 114.8c9.8 9.3 10 24.8.4 34.3z\"><\/path><\/svg>\t\t\t<\/span>\n\t\t\t\t\t\t\t\t\t<span class=\"elementor-button-text\">VER PAQUETES DE VACACIONES<\/span>\n\t\t\t\t\t<\/span>\n\t\t\t\t\t<\/a>\n\t\t\t\t<\/div>\n\t\t\t\t\t\t\t\t<\/div>\n\t\t\t\t<\/div>\n\t\t\t\t<\/div>\n\t\t\t\t<\/div>\n\t\t\t\t\t<\/div>\n\t\t\t\t<\/div>\n\t\t<div class=\"elementor-element elementor-element-46d472af e-flex e-con-boxed e-con e-parent\" data-id=\"46d472af\" data-element_type=\"container\" data-e-type=\"container\">\n\t\t\t\t\t<div class=\"e-con-inner\">\n\t\t\t\t<div class=\"elementor-element elementor-element-7832408b elementor-widget elementor-widget-spacer\" data-id=\"7832408b\" data-element_type=\"widget\" data-e-type=\"widget\" data-widget_type=\"spacer.default\">\n\t\t\t\t<div class=\"elementor-widget-container\">\n\t\t\t\t\t\t\t<div class=\"elementor-spacer\">\n\t\t\t<div class=\"elementor-spacer-inner\"><\/div>\n\t\t<\/div>\n\t\t\t\t\t\t<\/div>\n\t\t\t\t<\/div>\n\t\t\t\t\t<\/div>\n\t\t\t\t<\/div>\n\t\t\t\t<\/div>\n\t\t","protected":false},"excerpt":{"rendered":"<p>Vacaciones en la Selva Tropical y en Isla Privada de Belice Reserve su experiencia tropical definitiva con nosotros. Desde el verde exuberante de la selva tropical hasta la vibrante actividad de una c\u00e1lida isla privada, este paquete todo incluido ofrece Belice tal como es y siempre ha sido: aut\u00e9ntico y directo. Busque aventura y cultura [&hellip;]<\/p>\n","protected":false},"author":2,"featured_media":0,"parent":0,"menu_order":0,"comment_status":"closed","ping_status":"closed","template":"page-full-width.php","meta":{"_acf_changed":false,"_vp_format_video_url":"","_vp_image_focal_point":[],"footnotes":""},"categories":[],"tags":[],"class_list":["post-69548","page","type-page","status-publish","hentry"],"acf":[],"yoast_head":"<!-- This site is optimized with the Yoast SEO plugin v27.5 - https:\/\/yoast.com\/product\/yoast-seo-wordpress\/ -->\n<title>Vacaciones en la Selva Tropical y en Isla Privada de Belice - The Belize Collection<\/title>\n<meta name=\"robots\" content=\"index, follow, max-snippet:-1, max-image-preview:large, max-video-preview:-1\" \/>\n<link rel=\"canonical\" href=\"https:\/\/thebelizecollection.com\/es\/vacaciones-en-la-selva-tropical-y-en-isla-privada-de-belice\/\" \/>\n<meta property=\"og:locale\" content=\"es_ES\" \/>\n<meta property=\"og:type\" content=\"article\" \/>\n<meta property=\"og:title\" content=\"Vacaciones en la Selva Tropical y en Isla Privada de Belice - The Belize Collection\" \/>\n<meta property=\"og:description\" content=\"Vacaciones en la Selva Tropical y en Isla Privada de Belice Reserve su experiencia tropical definitiva con nosotros. Desde el verde exuberante de la selva tropical hasta la vibrante actividad de una c\u00e1lida isla privada, este paquete todo incluido ofrece Belice tal como es y siempre ha sido: aut\u00e9ntico y directo. Busque aventura y cultura [&hellip;]\" \/>\n<meta property=\"og:url\" content=\"https:\/\/thebelizecollection.com\/es\/vacaciones-en-la-selva-tropical-y-en-isla-privada-de-belice\/\" \/>\n<meta property=\"og:site_name\" content=\"The Belize Collection\" \/>\n<meta property=\"article:modified_time\" content=\"2026-03-17T14:37:41+00:00\" \/>\n<meta name=\"twitter:card\" content=\"summary_large_image\" \/>\n<meta name=\"twitter:label1\" content=\"Tiempo de lectura\" \/>\n\t<meta name=\"twitter:data1\" content=\"1 minuto\" \/>\n<script type=\"application\/ld+json\" class=\"yoast-schema-graph\">{\"@context\":\"https:\\\/\\\/schema.org\",\"@graph\":[{\"@type\":\"WebPage\",\"@id\":\"https:\\\/\\\/thebelizecollection.com\\\/es\\\/vacaciones-en-la-selva-tropical-y-en-isla-privada-de-belice\\\/\",\"url\":\"https:\\\/\\\/thebelizecollection.com\\\/es\\\/vacaciones-en-la-selva-tropical-y-en-isla-privada-de-belice\\\/\",\"name\":\"Vacaciones en la Selva Tropical y en Isla Privada de Belice - The Belize Collection\",\"isPartOf\":{\"@id\":\"https:\\\/\\\/thebelizecollection.com\\\/es\\\/#website\"},\"datePublished\":\"2025-05-12T21:13:39+00:00\",\"dateModified\":\"2026-03-17T14:37:41+00:00\",\"breadcrumb\":{\"@id\":\"https:\\\/\\\/thebelizecollection.com\\\/es\\\/vacaciones-en-la-selva-tropical-y-en-isla-privada-de-belice\\\/#breadcrumb\"},\"inLanguage\":\"es\",\"potentialAction\":[{\"@type\":\"ReadAction\",\"target\":[\"https:\\\/\\\/thebelizecollection.com\\\/es\\\/vacaciones-en-la-selva-tropical-y-en-isla-privada-de-belice\\\/\"]}]},{\"@type\":\"BreadcrumbList\",\"@id\":\"https:\\\/\\\/thebelizecollection.com\\\/es\\\/vacaciones-en-la-selva-tropical-y-en-isla-privada-de-belice\\\/#breadcrumb\",\"itemListElement\":[{\"@type\":\"ListItem\",\"position\":1,\"name\":\"Home\",\"item\":\"https:\\\/\\\/thebelizecollection.com\\\/es\\\/the-belize-collection\\\/\"},{\"@type\":\"ListItem\",\"position\":2,\"name\":\"Vacaciones en la Selva Tropical y en Isla Privada de Belice\"}]},{\"@type\":\"WebSite\",\"@id\":\"https:\\\/\\\/thebelizecollection.com\\\/es\\\/#website\",\"url\":\"https:\\\/\\\/thebelizecollection.com\\\/es\\\/\",\"name\":\"The Belize Collection\",\"description\":\"Everything Belize\",\"potentialAction\":[{\"@type\":\"SearchAction\",\"target\":{\"@type\":\"EntryPoint\",\"urlTemplate\":\"https:\\\/\\\/thebelizecollection.com\\\/es\\\/?s={search_term_string}\"},\"query-input\":{\"@type\":\"PropertyValueSpecification\",\"valueRequired\":true,\"valueName\":\"search_term_string\"}}],\"inLanguage\":\"es\"}]}<\/script>\n<!-- \/ Yoast SEO plugin. -->","yoast_head_json":{"title":"Vacaciones en la Selva Tropical y en Isla Privada de Belice - The Belize Collection","robots":{"index":"index","follow":"follow","max-snippet":"max-snippet:-1","max-image-preview":"max-image-preview:large","max-video-preview":"max-video-preview:-1"},"canonical":"https:\/\/thebelizecollection.com\/es\/vacaciones-en-la-selva-tropical-y-en-isla-privada-de-belice\/","og_locale":"es_ES","og_type":"article","og_title":"Vacaciones en la Selva Tropical y en Isla Privada de Belice - The Belize Collection","og_description":"Vacaciones en la Selva Tropical y en Isla Privada de Belice Reserve su experiencia tropical definitiva con nosotros. Desde el verde exuberante de la selva tropical hasta la vibrante actividad de una c\u00e1lida isla privada, este paquete todo incluido ofrece Belice tal como es y siempre ha sido: aut\u00e9ntico y directo. Busque aventura y cultura [&hellip;]","og_url":"https:\/\/thebelizecollection.com\/es\/vacaciones-en-la-selva-tropical-y-en-isla-privada-de-belice\/","og_site_name":"The Belize Collection","article_modified_time":"2026-03-17T14:37:41+00:00","twitter_card":"summary_large_image","twitter_misc":{"Tiempo de lectura":"1 minuto"},"schema":{"@context":"https:\/\/schema.org","@graph":[{"@type":"WebPage","@id":"https:\/\/thebelizecollection.com\/es\/vacaciones-en-la-selva-tropical-y-en-isla-privada-de-belice\/","url":"https:\/\/thebelizecollection.com\/es\/vacaciones-en-la-selva-tropical-y-en-isla-privada-de-belice\/","name":"Vacaciones en la Selva Tropical y en Isla Privada de Belice - The Belize Collection","isPartOf":{"@id":"https:\/\/thebelizecollection.com\/es\/#website"},"datePublished":"2025-05-12T21:13:39+00:00","dateModified":"2026-03-17T14:37:41+00:00","breadcrumb":{"@id":"https:\/\/thebelizecollection.com\/es\/vacaciones-en-la-selva-tropical-y-en-isla-privada-de-belice\/#breadcrumb"},"inLanguage":"es","potentialAction":[{"@type":"ReadAction","target":["https:\/\/thebelizecollection.com\/es\/vacaciones-en-la-selva-tropical-y-en-isla-privada-de-belice\/"]}]},{"@type":"BreadcrumbList","@id":"https:\/\/thebelizecollection.com\/es\/vacaciones-en-la-selva-tropical-y-en-isla-privada-de-belice\/#breadcrumb","itemListElement":[{"@type":"ListItem","position":1,"name":"Home","item":"https:\/\/thebelizecollection.com\/es\/the-belize-collection\/"},{"@type":"ListItem","position":2,"name":"Vacaciones en la Selva Tropical y en Isla Privada de Belice"}]},{"@type":"WebSite","@id":"https:\/\/thebelizecollection.com\/es\/#website","url":"https:\/\/thebelizecollection.com\/es\/","name":"The Belize Collection","description":"Everything Belize","potentialAction":[{"@type":"SearchAction","target":{"@type":"EntryPoint","urlTemplate":"https:\/\/thebelizecollection.com\/es\/?s={search_term_string}"},"query-input":{"@type":"PropertyValueSpecification","valueRequired":true,"valueName":"search_term_string"}}],"inLanguage":"es"}]}},"jetpack_sharing_enabled":true,"_links":{"self":[{"href":"https:\/\/thebelizecollection.com\/es\/wp-json\/wp\/v2\/pages\/69548","targetHints":{"allow":["GET"]}}],"collection":[{"href":"https:\/\/thebelizecollection.com\/es\/wp-json\/wp\/v2\/pages"}],"about":[{"href":"https:\/\/thebelizecollection.com\/es\/wp-json\/wp\/v2\/types\/page"}],"author":[{"embeddable":true,"href":"https:\/\/thebelizecollection.com\/es\/wp-json\/wp\/v2\/users\/2"}],"replies":[{"embeddable":true,"href":"https:\/\/thebelizecollection.com\/es\/wp-json\/wp\/v2\/comments?post=69548"}],"version-history":[{"count":1,"href":"https:\/\/thebelizecollection.com\/es\/wp-json\/wp\/v2\/pages\/69548\/revisions"}],"predecessor-version":[{"id":69553,"href":"https:\/\/thebelizecollection.com\/es\/wp-json\/wp\/v2\/pages\/69548\/revisions\/69553"}],"wp:attachment":[{"href":"https:\/\/thebelizecollection.com\/es\/wp-json\/wp\/v2\/media?parent=69548"}],"wp:term":[{"taxonomy":"category","embeddable":true,"href":"https:\/\/thebelizecollection.com\/es\/wp-json\/wp\/v2\/categories?post=69548"},{"taxonomy":"post_tag","embeddable":true,"href":"https:\/\/thebelizecollection.com\/es\/wp-json\/wp\/v2\/tags?post=69548"}],"curies":[{"name":"wp","href":"https:\/\/api.w.org\/{rel}","templated":true}]}}