{"id":71730,"date":"2025-09-17T15:04:49","date_gmt":"2025-09-17T21:04:49","guid":{"rendered":"https:\/\/thebelizecollection.com\/decouvrez-lamerique-centrale\/"},"modified":"2026-04-21T20:23:04","modified_gmt":"2026-04-22T02:23:04","slug":"decouvrez-lamerique-centrale","status":"publish","type":"page","link":"https:\/\/thebelizecollection.com\/fr\/forfaits-vacances\/decouvrez-lamerique-centrale\/","title":{"rendered":"D\u00e9couvrez l&#8217;Am\u00e9rique centrale"},"content":{"rendered":"\t\t<div data-elementor-type=\"wp-page\" data-elementor-id=\"71730\" class=\"elementor elementor-71730 elementor-63313\" data-elementor-post-type=\"page\">\n\t\t\t\t<div class=\"elementor-element elementor-element-d0a2c24 e-con-full elementor-hidden-mobile e-flex e-con e-parent\" data-id=\"d0a2c24\" data-element_type=\"container\" data-e-type=\"container\" data-settings=\"{&quot;background_background&quot;:&quot;classic&quot;}\">\n\t\t\t\t<\/div>\n\t\t<div class=\"elementor-element elementor-element-0f7fc22 e-flex e-con-boxed e-con e-parent\" data-id=\"0f7fc22\" data-element_type=\"container\" data-e-type=\"container\">\n\t\t\t\t\t<div class=\"e-con-inner\">\n\t\t<div class=\"elementor-element elementor-element-c16880b e-con-full e-flex e-con e-child\" data-id=\"c16880b\" data-element_type=\"container\" data-e-type=\"container\" data-settings=\"{&quot;background_background&quot;:&quot;classic&quot;}\">\n\t\t\t\t<\/div>\n\t\t<div class=\"elementor-element elementor-element-368d7bf e-con-full e-flex e-con e-child\" data-id=\"368d7bf\" data-element_type=\"container\" data-e-type=\"container\">\n\t\t\t\t<div class=\"elementor-element elementor-element-d9b9905 elementor-widget elementor-widget-heading\" data-id=\"d9b9905\" data-element_type=\"widget\" data-e-type=\"widget\" data-widget_type=\"heading.default\">\n\t\t\t\t<div class=\"elementor-widget-container\">\n\t\t\t\t\t<h1 class=\"elementor-heading-title elementor-size-default\">D\u00e9couvrez l'Am\u00e9rique centrale <\/h1>\t\t\t\t<\/div>\n\t\t\t\t<\/div>\n\t\t\t\t<div class=\"elementor-element elementor-element-85cc20d elementor-widget elementor-widget-heading\" data-id=\"85cc20d\" data-element_type=\"widget\" data-e-type=\"widget\" data-widget_type=\"heading.default\">\n\t\t\t\t<div class=\"elementor-widget-container\">\n\t\t\t\t\t<h3 class=\"elementor-heading-title elementor-size-default\">Cit\u00e9s anciennes et plages dor\u00e9es <\/h3>\t\t\t\t<\/div>\n\t\t\t\t<\/div>\n\t\t\t\t<div class=\"elementor-element elementor-element-5adf920 elementor-widget elementor-widget-text-editor\" data-id=\"5adf920\" data-element_type=\"widget\" data-e-type=\"widget\" data-widget_type=\"text-editor.default\">\n\t\t\t\t<div class=\"elementor-widget-container\">\n\t\t\t\t\t\t\t\t\t<div class=\"elementor-element elementor-element-3fd73d8 elementor-widget elementor-widget-text-editor\" data-id=\"3fd73d8\" data-element_type=\"widget\" data-widget_type=\"text-editor.default\"><div class=\"elementor-widget-container\">Ce forfait vacances commence par la qui\u00e9tude et la s\u00e9r\u00e9nit\u00e9 du lac Pet\u00e9n Itz\u00e1 au Guatemala, puis vous emm\u00e8ne vers les vagues et le rythme de la mer des Cara\u00efbes rencontrant le littoral du Belize. Combinez l&#8217;aventure terrestre \u00e0 Bolontiku avec une escapade baln\u00e9aire au Lodge at Jaguar Reef. <\/div><\/div>\t\t\t\t\t\t\t\t<\/div>\n\t\t\t\t<\/div>\n\t\t\t\t<div class=\"elementor-element elementor-element-86420eb elementor-widget elementor-widget-heading\" data-id=\"86420eb\" data-element_type=\"widget\" data-e-type=\"widget\" data-widget_type=\"heading.default\">\n\t\t\t\t<div class=\"elementor-widget-container\">\n\t\t\t\t\t<h2 class=\"elementor-heading-title elementor-size-default\">Inclus dans cette exp\u00e9rience :<\/h2>\t\t\t\t<\/div>\n\t\t\t\t<\/div>\n\t\t\t\t<div class=\"elementor-element elementor-element-f94d184 elementor-widget elementor-widget-text-editor\" data-id=\"f94d184\" data-element_type=\"widget\" data-e-type=\"widget\" data-widget_type=\"text-editor.default\">\n\t\t\t\t<div class=\"elementor-widget-container\">\n\t\t\t\t\t\t\t\t\t<p aria-level=\"3\"><strong>\u00c0 Bolontiku <\/strong><\/p><ul><li><span data-contrast=\"auto\">Transfert routier de l&#8217;a\u00e9roport international de Flores jusqu&#8217;\u00e0 l&#8217;embarcad\u00e8re du lac, suivi d&#8217;un transfert en bateau jusqu&#8217;\u00e0 l&#8217;h\u00f4tel<\/span><span data-ccp-props=\"{}\"> <\/span><\/li><li><span data-contrast=\"auto\">3 nuits en suite vue jardin ou suite vue lac<\/span><span data-ccp-props=\"{}\"> <\/span><\/li><li><span data-contrast=\"auto\">Petit-d\u00e9jeuner 2 services et d\u00eener 3 services quotidiens avec jus et caf\u00e9<\/span><span data-ccp-props=\"{}\"> <\/span><\/li><li><span data-contrast=\"auto\">Excursion arch\u00e9ologique d&#8217;une journ\u00e9e compl\u00e8te \u00e0 Tikal pour deux personnes<\/span><span data-ccp-props=\"{}\"> <\/span><\/li><li><span data-contrast=\"auto\">Excursion arch\u00e9ologique d&#8217;une demi-journ\u00e9e \u00e0 Tayasal pour deux personnes<\/span><span data-ccp-props=\"{}\"> <\/span><\/li><li><span data-contrast=\"auto\">Visite \u00e0 pied de la ville de Flores, Guatemala<\/span><span data-ccp-props=\"{}\"> <\/span><\/li><li><span data-contrast=\"auto\">Transfert priv\u00e9 de Bolontiku \u00e0 la fronti\u00e8re ouest Belize\/Guatemala<\/span><span data-ccp-props=\"{}\"> <\/span><\/li><\/ul><p aria-level=\"3\"><strong>Au Lodge at Jaguar Reef<\/strong><\/p><ul><li><span data-contrast=\"auto\">Transfert routier priv\u00e9 de la fronti\u00e8re ouest Belize\/Guatemala <\/span><span data-ccp-props=\"{}\"> <\/span><\/li><li><span data-contrast=\"auto\">S\u00e9jour de 3 \u00e0 4 nuits en suite de luxe ou suite front de mer avec piscine \u00e0 d\u00e9bordement<\/span><span data-ccp-props=\"{}\"> <\/span><\/li><li><span data-contrast=\"auto\">Petit-d\u00e9jeuner 1 service, d\u00e9jeuner 2 services et d\u00eener 3 services quotidiens avec jus, caf\u00e9 et eau<\/span><span data-ccp-props=\"{}\"> <\/span><\/li><li><span data-contrast=\"auto\">Exp\u00e9rience Rhythm Reef Caye pour deux personnes<\/span><span data-ccp-props=\"{}\"> <\/span><\/li><li><span data-contrast=\"auto\">Transfert priv\u00e9 du Lodge at Jaguar Reef \u00e0 l&#8217;a\u00e9roport international de Belize<\/span><span data-ccp-props=\"{}\"> <\/span><\/li><\/ul>\t\t\t\t\t\t\t\t<\/div>\n\t\t\t\t<\/div>\n\t\t\t\t<div class=\"elementor-element elementor-element-f455631 elementor-widget elementor-widget-heading\" data-id=\"f455631\" data-element_type=\"widget\" data-e-type=\"widget\" data-widget_type=\"heading.default\">\n\t\t\t\t<div class=\"elementor-widget-container\">\n\t\t\t\t\t<h2 class=\"elementor-heading-title elementor-size-default\">Prix \u00e0 partir de 6 500 $ USD<\/h2>\t\t\t\t<\/div>\n\t\t\t\t<\/div>\n\t\t\t\t<div class=\"elementor-element elementor-element-2b16ca4 elementor-widget elementor-widget-text-editor\" data-id=\"2b16ca4\" data-element_type=\"widget\" data-e-type=\"widget\" data-widget_type=\"text-editor.default\">\n\t\t\t\t<div class=\"elementor-widget-container\">\n\t\t\t\t\t\t\t\t\t<ul><li><span data-contrast=\"auto\">Comprend toutes les taxes et tous les frais<\/span><span data-ccp-props=\"{\"201341983\":0,\"335559739\":0,\"335559740\":240}\"> <\/span><\/li><li><span data-contrast=\"auto\">Le prix est en USD et bas\u00e9 sur une occupation double<\/span><span data-ccp-props=\"{\"201341983\":0,\"335559739\":0,\"335559740\":240}\"> <\/span><\/li><li><span data-contrast=\"auto\">Les portions non utilis\u00e9es du forfait ne peuvent \u00eatre r\u00e9clam\u00e9es sous forme de cr\u00e9dit<\/span><span data-ccp-props=\"{\"201341983\":0,\"335559739\":0,\"335559740\":240}\"> <\/span><\/li><li><span data-contrast=\"auto\">D&#8217;autres conditions peuvent s&#8217;appliquer<\/span><span data-ccp-props=\"{\"201341983\":0,\"335559739\":0,\"335559740\":240}\"> <\/span><\/li><\/ul>\t\t\t\t\t\t\t\t<\/div>\n\t\t\t\t<\/div>\n\t\t<div class=\"elementor-element elementor-element-c98ade2 e-grid e-con-full e-con e-child\" data-id=\"c98ade2\" data-element_type=\"container\" data-e-type=\"container\">\n\t\t\t\t<div class=\"elementor-element elementor-element-8b5956d elementor-align-left elementor-widget elementor-widget-button\" data-id=\"8b5956d\" data-element_type=\"widget\" data-e-type=\"widget\" data-widget_type=\"button.default\">\n\t\t\t\t<div class=\"elementor-widget-container\">\n\t\t\t\t\t\t\t\t\t<div class=\"elementor-button-wrapper\">\n\t\t\t\t\t<a class=\"elementor-button elementor-button-link elementor-size-sm\" href=\"https:\/\/thebelizecollection.com\/fr\/contactez-nous\/\">\n\t\t\t\t\t\t<span class=\"elementor-button-content-wrapper\">\n\t\t\t\t\t\t\t\t\t<span class=\"elementor-button-text\">CONTACTEZ-NOUS<\/span>\n\t\t\t\t\t<\/span>\n\t\t\t\t\t<\/a>\n\t\t\t\t<\/div>\n\t\t\t\t\t\t\t\t<\/div>\n\t\t\t\t<\/div>\n\t\t\t\t<div class=\"elementor-element elementor-element-df19453 elementor-align-left elementor-widget elementor-widget-button\" data-id=\"df19453\" data-element_type=\"widget\" data-e-type=\"widget\" data-widget_type=\"button.default\">\n\t\t\t\t<div class=\"elementor-widget-container\">\n\t\t\t\t\t\t\t\t\t<div class=\"elementor-button-wrapper\">\n\t\t\t\t\t<a class=\"elementor-button elementor-button-link elementor-size-sm\" href=\"https:\/\/thebelizecollection.com\/fr\/forfaits-vacances\/\">\n\t\t\t\t\t\t<span class=\"elementor-button-content-wrapper\">\n\t\t\t\t\t\t<span class=\"elementor-button-icon\">\n\t\t\t\t<svg aria-hidden=\"true\" class=\"e-font-icon-svg e-fas-arrow-left\" viewBox=\"0 0 448 512\" xmlns=\"http:\/\/www.w3.org\/2000\/svg\"><path d=\"M257.5 445.1l-22.2 22.2c-9.4 9.4-24.6 9.4-33.9 0L7 273c-9.4-9.4-9.4-24.6 0-33.9L201.4 44.7c9.4-9.4 24.6-9.4 33.9 0l22.2 22.2c9.5 9.5 9.3 25-.4 34.3L136.6 216H424c13.3 0 24 10.7 24 24v32c0 13.3-10.7 24-24 24H136.6l120.5 114.8c9.8 9.3 10 24.8.4 34.3z\"><\/path><\/svg>\t\t\t<\/span>\n\t\t\t\t\t\t\t\t\t<span class=\"elementor-button-text\">VOIR LES FORFAITS VACANCES<\/span>\n\t\t\t\t\t<\/span>\n\t\t\t\t\t<\/a>\n\t\t\t\t<\/div>\n\t\t\t\t\t\t\t\t<\/div>\n\t\t\t\t<\/div>\n\t\t\t\t<\/div>\n\t\t\t\t<\/div>\n\t\t\t\t\t<\/div>\n\t\t\t\t<\/div>\n\t\t\t\t<\/div>\n\t\t","protected":false},"excerpt":{"rendered":"<p>D\u00e9couvrez l&#8217;Am\u00e9rique centrale Cit\u00e9s anciennes et plages dor\u00e9es Ce forfait vacances commence par la qui\u00e9tude et la s\u00e9r\u00e9nit\u00e9 du lac Pet\u00e9n Itz\u00e1 au Guatemala, puis vous emm\u00e8ne vers les vagues et le rythme de la mer des Cara\u00efbes rencontrant le littoral du Belize. Combinez l&#8217;aventure terrestre \u00e0 Bolontiku avec une escapade baln\u00e9aire au Lodge at [&hellip;]<\/p>\n","protected":false},"author":4,"featured_media":0,"parent":74303,"menu_order":0,"comment_status":"closed","ping_status":"closed","template":"page-full-width.php","meta":{"_acf_changed":false,"_vp_format_video_url":"","_vp_image_focal_point":[],"footnotes":""},"categories":[],"tags":[],"class_list":["post-71730","page","type-page","status-publish","hentry"],"acf":[],"yoast_head":"<!-- This site is optimized with the Yoast SEO plugin v27.5 - https:\/\/yoast.com\/product\/yoast-seo-wordpress\/ -->\n<title>D\u00e9couvrez l&#039;Am\u00e9rique centrale - The Belize Collection<\/title>\n<meta name=\"robots\" content=\"index, follow, max-snippet:-1, max-image-preview:large, max-video-preview:-1\" \/>\n<link rel=\"canonical\" href=\"https:\/\/thebelizecollection.com\/fr\/forfaits-vacances\/decouvrez-lamerique-centrale\/\" \/>\n<meta property=\"og:locale\" content=\"fr_FR\" \/>\n<meta property=\"og:type\" content=\"article\" \/>\n<meta property=\"og:title\" content=\"D\u00e9couvrez l&#039;Am\u00e9rique centrale - The Belize Collection\" \/>\n<meta property=\"og:description\" content=\"D\u00e9couvrez l&#8217;Am\u00e9rique centrale Cit\u00e9s anciennes et plages dor\u00e9es Ce forfait vacances commence par la qui\u00e9tude et la s\u00e9r\u00e9nit\u00e9 du lac Pet\u00e9n Itz\u00e1 au Guatemala, puis vous emm\u00e8ne vers les vagues et le rythme de la mer des Cara\u00efbes rencontrant le littoral du Belize. Combinez l&#8217;aventure terrestre \u00e0 Bolontiku avec une escapade baln\u00e9aire au Lodge at [&hellip;]\" \/>\n<meta property=\"og:url\" content=\"https:\/\/thebelizecollection.com\/fr\/forfaits-vacances\/decouvrez-lamerique-centrale\/\" \/>\n<meta property=\"og:site_name\" content=\"The Belize Collection\" \/>\n<meta property=\"article:modified_time\" content=\"2026-04-22T02:23:04+00:00\" \/>\n<meta name=\"twitter:card\" content=\"summary_large_image\" \/>\n<meta name=\"twitter:label1\" content=\"Dur\u00e9e de lecture estim\u00e9e\" \/>\n\t<meta name=\"twitter:data1\" content=\"1 minute\" \/>\n<script type=\"application\/ld+json\" class=\"yoast-schema-graph\">{\"@context\":\"https:\\\/\\\/schema.org\",\"@graph\":[{\"@type\":\"WebPage\",\"@id\":\"https:\\\/\\\/thebelizecollection.com\\\/fr\\\/forfaits-vacances\\\/decouvrez-lamerique-centrale\\\/\",\"url\":\"https:\\\/\\\/thebelizecollection.com\\\/fr\\\/forfaits-vacances\\\/decouvrez-lamerique-centrale\\\/\",\"name\":\"D\u00e9couvrez l'Am\u00e9rique centrale - The Belize Collection\",\"isPartOf\":{\"@id\":\"https:\\\/\\\/thebelizecollection.com\\\/fr\\\/#website\"},\"datePublished\":\"2025-09-17T21:04:49+00:00\",\"dateModified\":\"2026-04-22T02:23:04+00:00\",\"breadcrumb\":{\"@id\":\"https:\\\/\\\/thebelizecollection.com\\\/fr\\\/forfaits-vacances\\\/decouvrez-lamerique-centrale\\\/#breadcrumb\"},\"inLanguage\":\"fr-FR\",\"potentialAction\":[{\"@type\":\"ReadAction\",\"target\":[\"https:\\\/\\\/thebelizecollection.com\\\/fr\\\/forfaits-vacances\\\/decouvrez-lamerique-centrale\\\/\"]}]},{\"@type\":\"BreadcrumbList\",\"@id\":\"https:\\\/\\\/thebelizecollection.com\\\/fr\\\/forfaits-vacances\\\/decouvrez-lamerique-centrale\\\/#breadcrumb\",\"itemListElement\":[{\"@type\":\"ListItem\",\"position\":1,\"name\":\"Home\",\"item\":\"https:\\\/\\\/thebelizecollection.com\\\/fr\\\/the-belize-collection-2\\\/\"},{\"@type\":\"ListItem\",\"position\":2,\"name\":\"Forfaits Vacances\",\"item\":\"https:\\\/\\\/thebelizecollection.com\\\/fr\\\/forfaits-vacances\\\/\"},{\"@type\":\"ListItem\",\"position\":3,\"name\":\"D\u00e9couvrez l&#8217;Am\u00e9rique centrale\"}]},{\"@type\":\"WebSite\",\"@id\":\"https:\\\/\\\/thebelizecollection.com\\\/fr\\\/#website\",\"url\":\"https:\\\/\\\/thebelizecollection.com\\\/fr\\\/\",\"name\":\"The Belize Collection\",\"description\":\"Everything Belize\",\"potentialAction\":[{\"@type\":\"SearchAction\",\"target\":{\"@type\":\"EntryPoint\",\"urlTemplate\":\"https:\\\/\\\/thebelizecollection.com\\\/fr\\\/?s={search_term_string}\"},\"query-input\":{\"@type\":\"PropertyValueSpecification\",\"valueRequired\":true,\"valueName\":\"search_term_string\"}}],\"inLanguage\":\"fr-FR\"}]}<\/script>\n<!-- \/ Yoast SEO plugin. -->","yoast_head_json":{"title":"D\u00e9couvrez l'Am\u00e9rique centrale - The Belize Collection","robots":{"index":"index","follow":"follow","max-snippet":"max-snippet:-1","max-image-preview":"max-image-preview:large","max-video-preview":"max-video-preview:-1"},"canonical":"https:\/\/thebelizecollection.com\/fr\/forfaits-vacances\/decouvrez-lamerique-centrale\/","og_locale":"fr_FR","og_type":"article","og_title":"D\u00e9couvrez l'Am\u00e9rique centrale - The Belize Collection","og_description":"D\u00e9couvrez l&#8217;Am\u00e9rique centrale Cit\u00e9s anciennes et plages dor\u00e9es Ce forfait vacances commence par la qui\u00e9tude et la s\u00e9r\u00e9nit\u00e9 du lac Pet\u00e9n Itz\u00e1 au Guatemala, puis vous emm\u00e8ne vers les vagues et le rythme de la mer des Cara\u00efbes rencontrant le littoral du Belize. Combinez l&#8217;aventure terrestre \u00e0 Bolontiku avec une escapade baln\u00e9aire au Lodge at [&hellip;]","og_url":"https:\/\/thebelizecollection.com\/fr\/forfaits-vacances\/decouvrez-lamerique-centrale\/","og_site_name":"The Belize Collection","article_modified_time":"2026-04-22T02:23:04+00:00","twitter_card":"summary_large_image","twitter_misc":{"Dur\u00e9e de lecture estim\u00e9e":"1 minute"},"schema":{"@context":"https:\/\/schema.org","@graph":[{"@type":"WebPage","@id":"https:\/\/thebelizecollection.com\/fr\/forfaits-vacances\/decouvrez-lamerique-centrale\/","url":"https:\/\/thebelizecollection.com\/fr\/forfaits-vacances\/decouvrez-lamerique-centrale\/","name":"D\u00e9couvrez l'Am\u00e9rique centrale - The Belize Collection","isPartOf":{"@id":"https:\/\/thebelizecollection.com\/fr\/#website"},"datePublished":"2025-09-17T21:04:49+00:00","dateModified":"2026-04-22T02:23:04+00:00","breadcrumb":{"@id":"https:\/\/thebelizecollection.com\/fr\/forfaits-vacances\/decouvrez-lamerique-centrale\/#breadcrumb"},"inLanguage":"fr-FR","potentialAction":[{"@type":"ReadAction","target":["https:\/\/thebelizecollection.com\/fr\/forfaits-vacances\/decouvrez-lamerique-centrale\/"]}]},{"@type":"BreadcrumbList","@id":"https:\/\/thebelizecollection.com\/fr\/forfaits-vacances\/decouvrez-lamerique-centrale\/#breadcrumb","itemListElement":[{"@type":"ListItem","position":1,"name":"Home","item":"https:\/\/thebelizecollection.com\/fr\/the-belize-collection-2\/"},{"@type":"ListItem","position":2,"name":"Forfaits Vacances","item":"https:\/\/thebelizecollection.com\/fr\/forfaits-vacances\/"},{"@type":"ListItem","position":3,"name":"D\u00e9couvrez l&#8217;Am\u00e9rique centrale"}]},{"@type":"WebSite","@id":"https:\/\/thebelizecollection.com\/fr\/#website","url":"https:\/\/thebelizecollection.com\/fr\/","name":"The Belize Collection","description":"Everything Belize","potentialAction":[{"@type":"SearchAction","target":{"@type":"EntryPoint","urlTemplate":"https:\/\/thebelizecollection.com\/fr\/?s={search_term_string}"},"query-input":{"@type":"PropertyValueSpecification","valueRequired":true,"valueName":"search_term_string"}}],"inLanguage":"fr-FR"}]}},"jetpack_sharing_enabled":true,"_links":{"self":[{"href":"https:\/\/thebelizecollection.com\/fr\/wp-json\/wp\/v2\/pages\/71730","targetHints":{"allow":["GET"]}}],"collection":[{"href":"https:\/\/thebelizecollection.com\/fr\/wp-json\/wp\/v2\/pages"}],"about":[{"href":"https:\/\/thebelizecollection.com\/fr\/wp-json\/wp\/v2\/types\/page"}],"author":[{"embeddable":true,"href":"https:\/\/thebelizecollection.com\/fr\/wp-json\/wp\/v2\/users\/4"}],"replies":[{"embeddable":true,"href":"https:\/\/thebelizecollection.com\/fr\/wp-json\/wp\/v2\/comments?post=71730"}],"version-history":[{"count":2,"href":"https:\/\/thebelizecollection.com\/fr\/wp-json\/wp\/v2\/pages\/71730\/revisions"}],"predecessor-version":[{"id":71827,"href":"https:\/\/thebelizecollection.com\/fr\/wp-json\/wp\/v2\/pages\/71730\/revisions\/71827"}],"up":[{"embeddable":true,"href":"https:\/\/thebelizecollection.com\/fr\/wp-json\/wp\/v2\/pages\/74303"}],"wp:attachment":[{"href":"https:\/\/thebelizecollection.com\/fr\/wp-json\/wp\/v2\/media?parent=71730"}],"wp:term":[{"taxonomy":"category","embeddable":true,"href":"https:\/\/thebelizecollection.com\/fr\/wp-json\/wp\/v2\/categories?post=71730"},{"taxonomy":"post_tag","embeddable":true,"href":"https:\/\/thebelizecollection.com\/fr\/wp-json\/wp\/v2\/tags?post=71730"}],"curies":[{"name":"wp","href":"https:\/\/api.w.org\/{rel}","templated":true}]}}