{"id":72760,"date":"2023-11-23T02:19:18","date_gmt":"2023-11-23T08:19:18","guid":{"rendered":"https:\/\/thebelizecollection.com\/blog\/"},"modified":"2026-04-07T16:27:09","modified_gmt":"2026-04-07T22:27:09","slug":"blog","status":"publish","type":"page","link":"https:\/\/thebelizecollection.com\/fr\/blog\/","title":{"rendered":"Blog"},"content":{"rendered":"\t\t<div data-elementor-type=\"wp-page\" data-elementor-id=\"72760\" class=\"elementor elementor-72760 elementor-193\" data-elementor-post-type=\"page\">\n\t\t\t\t<div class=\"elementor-element elementor-element-2a3915c0 e-con-full e-flex e-con e-parent\" data-id=\"2a3915c0\" data-element_type=\"container\" data-e-type=\"container\" data-settings=\"{&quot;background_background&quot;:&quot;classic&quot;}\">\n\t\t\t\t<div class=\"elementor-element elementor-element-2f0e420 elementor-widget elementor-widget-heading\" data-id=\"2f0e420\" data-element_type=\"widget\" data-e-type=\"widget\" data-widget_type=\"heading.default\">\n\t\t\t\t<div class=\"elementor-widget-container\">\n\t\t\t\t\t<h1 class=\"elementor-heading-title elementor-size-default\">TOUT SUR LE BELIZE<\/h1>\t\t\t\t<\/div>\n\t\t\t\t<\/div>\n\t\t\t\t<div class=\"elementor-element elementor-element-89fb2ad elementor-widget elementor-widget-heading\" data-id=\"89fb2ad\" data-element_type=\"widget\" data-e-type=\"widget\" data-widget_type=\"heading.default\">\n\t\t\t\t<div class=\"elementor-widget-container\">\n\t\t\t\t\t<h2 class=\"elementor-heading-title elementor-size-default\">  Une collection de mots<\/h2>\t\t\t\t<\/div>\n\t\t\t\t<\/div>\n\t\t\t\t<\/div>\n\t\t<div class=\"elementor-element elementor-element-3ee5d8e2 e-flex e-con-boxed e-con e-parent\" data-id=\"3ee5d8e2\" data-element_type=\"container\" data-e-type=\"container\">\n\t\t\t\t\t<div class=\"e-con-inner\">\n\t\t\t\t<div class=\"elementor-element elementor-element-b7999eb elementor-widget elementor-widget-spacer\" data-id=\"b7999eb\" data-element_type=\"widget\" data-e-type=\"widget\" data-widget_type=\"spacer.default\">\n\t\t\t\t<div class=\"elementor-widget-container\">\n\t\t\t\t\t\t\t<div class=\"elementor-spacer\">\n\t\t\t<div class=\"elementor-spacer-inner\"><\/div>\n\t\t<\/div>\n\t\t\t\t\t\t<\/div>\n\t\t\t\t<\/div>\n\t\t\t\t\t<\/div>\n\t\t\t\t<\/div>\n\t\t<div class=\"elementor-element elementor-element-20403c6 e-flex e-con-boxed e-con e-parent\" data-id=\"20403c6\" data-element_type=\"container\" data-e-type=\"container\">\n\t\t\t\t\t<div class=\"e-con-inner\">\n\t\t\t\t<div class=\"elementor-element elementor-element-95e4844 elementor-widget elementor-widget-carsten_core_blog_list\" data-id=\"95e4844\" data-element_type=\"widget\" data-e-type=\"widget\" data-widget_type=\"carsten_core_blog_list.default\">\n\t\t\t\t<div class=\"elementor-widget-container\">\n\t\t\t\t\t<div class=\"qodef-shortcode qodef-m qodef-blog qodef--list qodef-item-layout--standard qodef-grid qodef-layout--columns qodef-vertical-gutter--large qodef-col-num--3 qodef-item-layout--standard qodef-pagination--on qodef-pagination-type--load-more qodef-responsive--predefined qodef-swiper--show-pagination\"  data-options=\"{&quot;plugin&quot;:&quot;carsten_core&quot;,&quot;module&quot;:&quot;blog\\\/shortcodes&quot;,&quot;shortcode&quot;:&quot;blog-list&quot;,&quot;post_type&quot;:&quot;post&quot;,&quot;next_page&quot;:&quot;2&quot;,&quot;max_pages_num&quot;:8,&quot;behavior&quot;:&quot;columns&quot;,&quot;images_proportion&quot;:&quot;carsten_core_image_size_square&quot;,&quot;columns&quot;:&quot;3&quot;,&quot;columns_responsive&quot;:&quot;predefined&quot;,&quot;columns_1512&quot;:&quot;3&quot;,&quot;columns_1368&quot;:&quot;3&quot;,&quot;columns_1200&quot;:&quot;3&quot;,&quot;columns_1024&quot;:&quot;3&quot;,&quot;columns_880&quot;:&quot;3&quot;,&quot;columns_680&quot;:&quot;3&quot;,&quot;vertical_space&quot;:&quot;large&quot;,&quot;posts_per_page&quot;:&quot;9&quot;,&quot;orderby&quot;:&quot;date&quot;,&quot;order&quot;:&quot;DESC&quot;,&quot;layout&quot;:&quot;standard&quot;,&quot;title_tag&quot;:&quot;h4&quot;,&quot;pagination_type&quot;:&quot;load-more&quot;,&quot;object_class_name&quot;:&quot;CarstenCore_Blog_List_Shortcode&quot;,&quot;taxonomy_filter&quot;:&quot;category&quot;,&quot;additional_query_args&quot;:[],&quot;holder_styles&quot;:[]}\">\n\t\t<div class=\"qodef-grid-inner\">\n\t\t<article class=\"qodef-e qodef-blog-item qodef-grid-item qodef-item--square post-75175 post type-post status-publish format-standard has-post-thumbnail hentry category-blog\">\n\t<div class=\"qodef-e-inner\">\n\t\t<div class=\"qodef-e-media\">\n\t\t<div class=\"qodef-e-media-image\">\n\t\t<a itemprop=\"url\" href=\"https:\/\/thebelizecollection.com\/fr\/celebrez-le-jour-de-la-terre-avec-the-belize-collection-proteger-la-faune-grace-a-un-tourisme-responsable\/\">\n\t\t\t<img fetchpriority=\"high\" decoding=\"async\" width=\"650\" height=\"650\" src=\"https:\/\/thebelizecollection.com\/wp-content\/uploads\/2026\/03\/ACP_TBC_BANKS_7321-650x650.jpg\" class=\"attachment-carsten_core_image_size_square size-carsten_core_image_size_square wp-post-image\" alt=\"\" srcset=\"https:\/\/thebelizecollection.com\/wp-content\/uploads\/2026\/03\/ACP_TBC_BANKS_7321-650x650.jpg 650w, https:\/\/thebelizecollection.com\/wp-content\/uploads\/2026\/03\/ACP_TBC_BANKS_7321-150x150.jpg 150w, https:\/\/thebelizecollection.com\/wp-content\/uploads\/2026\/03\/ACP_TBC_BANKS_7321-1300x1300.jpg 1300w\" sizes=\"(max-width: 650px) 100vw, 650px\" \/>\t\t<\/a>\n\t<\/div>\n<\/div>\n\t\t<div class=\"qodef-e-content\">\n\t\t\t<div class=\"qodef-e-top-holder\">\n\t\t\t\t<div class=\"qodef-e-info\">\n\t\t\t\t\t<a itemprop=\"dateCreated\" href=\"https:\/\/thebelizecollection.com\/fr\/2026\/04\/\" class=\"entry-date \">\n\t22 avril 2026<\/a><div class=\"qodef-info-separator-end\"><\/div>\n<div class=\"qodef-e-categories\">\n    <a href=\"https:\/\/thebelizecollection.com\/fr\/category\/blog\/\" rel=\"tag\">Blog<\/a>    <div class=\"qodef-info-separator-end\"><\/div>\n<\/div>\n\t\t\t\t<\/div>\n\t\t\t<\/div>\n\t\t\t<div class=\"qodef-e-text\">\n\t\t\t\t<h4 itemprop=\"name\" class=\"qodef-e-title entry-title\" >\n\t<a itemprop=\"url\" class=\"qodef-e-title-link\" href=\"https:\/\/thebelizecollection.com\/fr\/celebrez-le-jour-de-la-terre-avec-the-belize-collection-proteger-la-faune-grace-a-un-tourisme-responsable\/\">\n\t\tC\u00e9l\u00e9brez le Jour de la Terre avec The Belize Collection : prot\u00e9ger la faune gr\u00e2ce \u00e0 un tourisme responsable\t<\/a>\n<\/h4>\n\t\t<p itemprop=\"description\" class=\"qodef-e-excerpt\">Le Belize est un pays d\u00e9fini par sa beaut\u00e9 naturelle, des for\u00eats tropicales et rivi\u00e8res aux r\u00e9cifs coralliens regorgeant de vie. Alors que nous comm\u00e9morons le Jour de la Terre, notre attention se tourne vers l&#8217;action. Nous reconnaissons que la protection du patrimoine n<\/p>\n\t\t\t\t\t<\/div>\n\t\t\t<div class=\"qodef-e-bottom-holder\">\n                \t<div class=\"qodef-e-read-more\">\n\t\t<a class=\"qodef-shortcode qodef-m qodef-button qodef-layout--filled qodef-html--link\" href=\"https:\/\/thebelizecollection.com\/fr\/celebrez-le-jour-de-la-terre-avec-the-belize-collection-proteger-la-faune-grace-a-un-tourisme-responsable\/\" target=\"_self\" >\t<span class=\"qodef-m-text\">Read More<\/span><\/a>\t<\/div>\n\t\t\t<\/div>\n\t\t<\/div>\n\t<\/div>\n<\/article>\n<article class=\"qodef-e qodef-blog-item qodef-grid-item qodef-item--square post-74390 post type-post status-publish format-standard has-post-thumbnail hentry category-blog\">\n\t<div class=\"qodef-e-inner\">\n\t\t<div class=\"qodef-e-media\">\n\t\t<div class=\"qodef-e-media-image\">\n\t\t<a itemprop=\"url\" href=\"https:\/\/thebelizecollection.com\/fr\/the-belize-collection-presente-la-premiere-station-de-ski-du-belize\/\">\n\t\t\t<img decoding=\"async\" width=\"650\" height=\"650\" src=\"https:\/\/thebelizecollection.com\/wp-content\/uploads\/2026\/03\/ChatGPT-Image-Mar-31-2026-02_03_16-PM-650x650.jpg\" class=\"attachment-carsten_core_image_size_square size-carsten_core_image_size_square wp-post-image\" alt=\"\" srcset=\"https:\/\/thebelizecollection.com\/wp-content\/uploads\/2026\/03\/ChatGPT-Image-Mar-31-2026-02_03_16-PM-650x650.jpg 650w, https:\/\/thebelizecollection.com\/wp-content\/uploads\/2026\/03\/ChatGPT-Image-Mar-31-2026-02_03_16-PM-150x150.jpg 150w\" sizes=\"(max-width: 650px) 100vw, 650px\" \/>\t\t<\/a>\n\t<\/div>\n<\/div>\n\t\t<div class=\"qodef-e-content\">\n\t\t\t<div class=\"qodef-e-top-holder\">\n\t\t\t\t<div class=\"qodef-e-info\">\n\t\t\t\t\t<a itemprop=\"dateCreated\" href=\"https:\/\/thebelizecollection.com\/fr\/2026\/03\/\" class=\"entry-date \">\n\t31 mars 2026<\/a><div class=\"qodef-info-separator-end\"><\/div>\n<div class=\"qodef-e-categories\">\n    <a href=\"https:\/\/thebelizecollection.com\/fr\/category\/blog\/\" rel=\"tag\">Blog<\/a>    <div class=\"qodef-info-separator-end\"><\/div>\n<\/div>\n\t\t\t\t<\/div>\n\t\t\t<\/div>\n\t\t\t<div class=\"qodef-e-text\">\n\t\t\t\t<h4 itemprop=\"name\" class=\"qodef-e-title entry-title\" >\n\t<a itemprop=\"url\" class=\"qodef-e-title-link\" href=\"https:\/\/thebelizecollection.com\/fr\/the-belize-collection-presente-la-premiere-station-de-ski-du-belize\/\">\n\t\tThe Belize Collection pr\u00e9sente la premi\u00e8re station de ski du Belize\t<\/a>\n<\/h4>\n\t\t<p itemprop=\"description\" class=\"qodef-e-excerpt\">Dans une d\u00e9marche qui pourrait bien red\u00e9finir le voyage tel que nous le connaissons, The Belize Collection est fi\u00e8re de d\u00e9voiler ses projets pour quelque chose d&#8217;enti\u00e8rement inattendu ici au Belize : sa toute premi\u00e8re station de ski. Imaginez des pistes d&#8217;une douc<\/p>\n\t\t\t\t\t<\/div>\n\t\t\t<div class=\"qodef-e-bottom-holder\">\n                \t<div class=\"qodef-e-read-more\">\n\t\t<a class=\"qodef-shortcode qodef-m qodef-button qodef-layout--filled qodef-html--link\" href=\"https:\/\/thebelizecollection.com\/fr\/the-belize-collection-presente-la-premiere-station-de-ski-du-belize\/\" target=\"_self\" >\t<span class=\"qodef-m-text\">Read More<\/span><\/a>\t<\/div>\n\t\t\t<\/div>\n\t\t<\/div>\n\t<\/div>\n<\/article>\n<article class=\"qodef-e qodef-blog-item qodef-grid-item qodef-item--square post-74480 post type-post status-publish format-standard has-post-thumbnail hentry category-blog\">\n\t<div class=\"qodef-e-inner\">\n\t\t<div class=\"qodef-e-media\">\n\t\t<div class=\"qodef-e-media-image\">\n\t\t<a itemprop=\"url\" href=\"https:\/\/thebelizecollection.com\/fr\/la-double-identite-du-belize-pour-un-ete-sans-pareil\/\">\n\t\t\t<img decoding=\"async\" width=\"650\" height=\"650\" src=\"https:\/\/thebelizecollection.com\/wp-content\/uploads\/2026\/01\/20251101brsbz00_set-2-1225-1-650x650.jpg\" class=\"attachment-carsten_core_image_size_square size-carsten_core_image_size_square wp-post-image\" alt=\"\" srcset=\"https:\/\/thebelizecollection.com\/wp-content\/uploads\/2026\/01\/20251101brsbz00_set-2-1225-1-650x650.jpg 650w, https:\/\/thebelizecollection.com\/wp-content\/uploads\/2026\/01\/20251101brsbz00_set-2-1225-1-150x150.jpg 150w, https:\/\/thebelizecollection.com\/wp-content\/uploads\/2026\/01\/20251101brsbz00_set-2-1225-1-1300x1300.jpg 1300w\" sizes=\"(max-width: 650px) 100vw, 650px\" \/>\t\t<\/a>\n\t<\/div>\n<\/div>\n\t\t<div class=\"qodef-e-content\">\n\t\t\t<div class=\"qodef-e-top-holder\">\n\t\t\t\t<div class=\"qodef-e-info\">\n\t\t\t\t\t<a itemprop=\"dateCreated\" href=\"https:\/\/thebelizecollection.com\/fr\/2026\/03\/\" class=\"entry-date \">\n\t17 mars 2026<\/a><div class=\"qodef-info-separator-end\"><\/div>\n<div class=\"qodef-e-categories\">\n    <a href=\"https:\/\/thebelizecollection.com\/fr\/category\/blog\/\" rel=\"tag\">Blog<\/a>    <div class=\"qodef-info-separator-end\"><\/div>\n<\/div>\n\t\t\t\t<\/div>\n\t\t\t<\/div>\n\t\t\t<div class=\"qodef-e-text\">\n\t\t\t\t<h4 itemprop=\"name\" class=\"qodef-e-title entry-title\" >\n\t<a itemprop=\"url\" class=\"qodef-e-title-link\" href=\"https:\/\/thebelizecollection.com\/fr\/la-double-identite-du-belize-pour-un-ete-sans-pareil\/\">\n\t\tLa double identit\u00e9 du Belize pour un \u00e9t\u00e9 sans pareil\t<\/a>\n<\/h4>\n\t\t<p itemprop=\"description\" class=\"qodef-e-excerpt\"><\/p>\n\t\t\t\t\t<\/div>\n\t\t\t<div class=\"qodef-e-bottom-holder\">\n                \t<div class=\"qodef-e-read-more\">\n\t\t<a class=\"qodef-shortcode qodef-m qodef-button qodef-layout--filled qodef-html--link\" href=\"https:\/\/thebelizecollection.com\/fr\/la-double-identite-du-belize-pour-un-ete-sans-pareil\/\" target=\"_self\" >\t<span class=\"qodef-m-text\">Read More<\/span><\/a>\t<\/div>\n\t\t\t<\/div>\n\t\t<\/div>\n\t<\/div>\n<\/article>\n<article class=\"qodef-e qodef-blog-item qodef-grid-item qodef-item--square post-74370 post type-post status-publish format-standard has-post-thumbnail hentry category-blog\">\n\t<div class=\"qodef-e-inner\">\n\t\t<div class=\"qodef-e-media\">\n\t\t<div class=\"qodef-e-media-image\">\n\t\t<a itemprop=\"url\" href=\"https:\/\/thebelizecollection.com\/fr\/rencontrez-nino-moreno-le-maitre-de-la-mixologie-de-the-banks\/\">\n\t\t\t<img loading=\"lazy\" decoding=\"async\" width=\"650\" height=\"650\" src=\"https:\/\/thebelizecollection.com\/wp-content\/uploads\/2026\/02\/d879c8f3-5f98-4378-afdf-1a5d275e417a-e1772142746296-650x650.jpg\" class=\"attachment-carsten_core_image_size_square size-carsten_core_image_size_square wp-post-image\" alt=\"\" srcset=\"https:\/\/thebelizecollection.com\/wp-content\/uploads\/2026\/02\/d879c8f3-5f98-4378-afdf-1a5d275e417a-e1772142746296-650x650.jpg 650w, https:\/\/thebelizecollection.com\/wp-content\/uploads\/2026\/02\/d879c8f3-5f98-4378-afdf-1a5d275e417a-e1772142746296-150x150.jpg 150w\" sizes=\"(max-width: 650px) 100vw, 650px\" \/>\t\t<\/a>\n\t<\/div>\n<\/div>\n\t\t<div class=\"qodef-e-content\">\n\t\t\t<div class=\"qodef-e-top-holder\">\n\t\t\t\t<div class=\"qodef-e-info\">\n\t\t\t\t\t<a itemprop=\"dateCreated\" href=\"https:\/\/thebelizecollection.com\/fr\/2026\/02\/\" class=\"entry-date \">\n\t26 f\u00e9vrier 2026<\/a><div class=\"qodef-info-separator-end\"><\/div>\n<div class=\"qodef-e-categories\">\n    <a href=\"https:\/\/thebelizecollection.com\/fr\/category\/blog\/\" rel=\"tag\">Blog<\/a>    <div class=\"qodef-info-separator-end\"><\/div>\n<\/div>\n\t\t\t\t<\/div>\n\t\t\t<\/div>\n\t\t\t<div class=\"qodef-e-text\">\n\t\t\t\t<h4 itemprop=\"name\" class=\"qodef-e-title entry-title\" >\n\t<a itemprop=\"url\" class=\"qodef-e-title-link\" href=\"https:\/\/thebelizecollection.com\/fr\/rencontrez-nino-moreno-le-maitre-de-la-mixologie-de-the-banks\/\">\n\t\tRencontrez Nino Moreno : le ma\u00eetre de la mixologie de The Banks\t<\/a>\n<\/h4>\n\t\t<p itemprop=\"description\" class=\"qodef-e-excerpt\">Il existe une nouvelle fa\u00e7on pour les clients de se d\u00e9tendre et de se faire plaisir au restaurant Humo : s\u2019asseoir au bord de la rivi\u00e8re tout en sirotant une boisson saine. Cette ann\u00e9e, nous mettons l\u2019accent sur le bien-\u00eatre, ce qui inclut l\u2019introduction d\u2019une nouvelle<\/p>\n\t\t\t\t\t<\/div>\n\t\t\t<div class=\"qodef-e-bottom-holder\">\n                \t<div class=\"qodef-e-read-more\">\n\t\t<a class=\"qodef-shortcode qodef-m qodef-button qodef-layout--filled qodef-html--link\" href=\"https:\/\/thebelizecollection.com\/fr\/rencontrez-nino-moreno-le-maitre-de-la-mixologie-de-the-banks\/\" target=\"_self\" >\t<span class=\"qodef-m-text\">Read More<\/span><\/a>\t<\/div>\n\t\t\t<\/div>\n\t\t<\/div>\n\t<\/div>\n<\/article>\n<article class=\"qodef-e qodef-blog-item qodef-grid-item qodef-item--square post-74469 post type-post status-publish format-standard has-post-thumbnail hentry category-blog\">\n\t<div class=\"qodef-e-inner\">\n\t\t<div class=\"qodef-e-media\">\n\t\t<div class=\"qodef-e-media-image\">\n\t\t<a itemprop=\"url\" href=\"https:\/\/thebelizecollection.com\/fr\/lescapade-de-mariage-parfaite-vous-attend-au-belize\/\">\n\t\t\t<img loading=\"lazy\" decoding=\"async\" width=\"650\" height=\"650\" src=\"https:\/\/thebelizecollection.com\/wp-content\/uploads\/2026\/02\/223A7295-2-650x650.jpg\" class=\"attachment-carsten_core_image_size_square size-carsten_core_image_size_square wp-post-image\" alt=\"\" srcset=\"https:\/\/thebelizecollection.com\/wp-content\/uploads\/2026\/02\/223A7295-2-650x650.jpg 650w, https:\/\/thebelizecollection.com\/wp-content\/uploads\/2026\/02\/223A7295-2-150x150.jpg 150w\" sizes=\"(max-width: 650px) 100vw, 650px\" \/>\t\t<\/a>\n\t<\/div>\n<\/div>\n\t\t<div class=\"qodef-e-content\">\n\t\t\t<div class=\"qodef-e-top-holder\">\n\t\t\t\t<div class=\"qodef-e-info\">\n\t\t\t\t\t<a itemprop=\"dateCreated\" href=\"https:\/\/thebelizecollection.com\/fr\/2026\/02\/\" class=\"entry-date \">\n\t13 f\u00e9vrier 2026<\/a><div class=\"qodef-info-separator-end\"><\/div>\n<div class=\"qodef-e-categories\">\n    <a href=\"https:\/\/thebelizecollection.com\/fr\/category\/blog\/\" rel=\"tag\">Blog<\/a>    <div class=\"qodef-info-separator-end\"><\/div>\n<\/div>\n\t\t\t\t<\/div>\n\t\t\t<\/div>\n\t\t\t<div class=\"qodef-e-text\">\n\t\t\t\t<h4 itemprop=\"name\" class=\"qodef-e-title entry-title\" >\n\t<a itemprop=\"url\" class=\"qodef-e-title-link\" href=\"https:\/\/thebelizecollection.com\/fr\/lescapade-de-mariage-parfaite-vous-attend-au-belize\/\">\n\t\tL\u2019escapade de mariage parfaite vous attend au Belize\t<\/a>\n<\/h4>\n\t\t<p itemprop=\"description\" class=\"qodef-e-excerpt\">Un mariage de destination au Belize offre de nombreux avantages. L\u2019un des plus importants est que votre c\u00e9l\u00e9bration peut se prolonger facilement et en toute fluidit\u00e9 en lune de miel, sans vols suppl\u00e9mentaires. Chaque ann\u00e9e, des amoureux \u00e9pris \u00e9changent leurs v\u0153ux sous des<\/p>\n\t\t\t\t\t<\/div>\n\t\t\t<div class=\"qodef-e-bottom-holder\">\n                \t<div class=\"qodef-e-read-more\">\n\t\t<a class=\"qodef-shortcode qodef-m qodef-button qodef-layout--filled qodef-html--link\" href=\"https:\/\/thebelizecollection.com\/fr\/lescapade-de-mariage-parfaite-vous-attend-au-belize\/\" target=\"_self\" >\t<span class=\"qodef-m-text\">Read More<\/span><\/a>\t<\/div>\n\t\t\t<\/div>\n\t\t<\/div>\n\t<\/div>\n<\/article>\n<article class=\"qodef-e qodef-blog-item qodef-grid-item qodef-item--square post-74485 post type-post status-publish format-standard has-post-thumbnail hentry category-blog\">\n\t<div class=\"qodef-e-inner\">\n\t\t<div class=\"qodef-e-media\">\n\t\t<div class=\"qodef-e-media-image\">\n\t\t<a itemprop=\"url\" href=\"https:\/\/thebelizecollection.com\/fr\/the-belize-collection-elargit-son-portefeuille-avec-blue-reef-beach-resort-and-marina-placencia\/\">\n\t\t\t<img loading=\"lazy\" decoding=\"async\" width=\"650\" height=\"650\" src=\"https:\/\/thebelizecollection.com\/wp-content\/uploads\/2026\/01\/20251001brrbz00_set-1-1131-650x650.jpg\" class=\"attachment-carsten_core_image_size_square size-carsten_core_image_size_square wp-post-image\" alt=\"\" srcset=\"https:\/\/thebelizecollection.com\/wp-content\/uploads\/2026\/01\/20251001brrbz00_set-1-1131-650x650.jpg 650w, https:\/\/thebelizecollection.com\/wp-content\/uploads\/2026\/01\/20251001brrbz00_set-1-1131-150x150.jpg 150w, https:\/\/thebelizecollection.com\/wp-content\/uploads\/2026\/01\/20251001brrbz00_set-1-1131-1300x1300.jpg 1300w\" sizes=\"(max-width: 650px) 100vw, 650px\" \/>\t\t<\/a>\n\t<\/div>\n<\/div>\n\t\t<div class=\"qodef-e-content\">\n\t\t\t<div class=\"qodef-e-top-holder\">\n\t\t\t\t<div class=\"qodef-e-info\">\n\t\t\t\t\t<a itemprop=\"dateCreated\" href=\"https:\/\/thebelizecollection.com\/fr\/2026\/01\/\" class=\"entry-date \">\n\t9 janvier 2026<\/a><div class=\"qodef-info-separator-end\"><\/div>\n<div class=\"qodef-e-categories\">\n    <a href=\"https:\/\/thebelizecollection.com\/fr\/category\/blog\/\" rel=\"tag\">Blog<\/a>    <div class=\"qodef-info-separator-end\"><\/div>\n<\/div>\n\t\t\t\t<\/div>\n\t\t\t<\/div>\n\t\t\t<div class=\"qodef-e-text\">\n\t\t\t\t<h4 itemprop=\"name\" class=\"qodef-e-title entry-title\" >\n\t<a itemprop=\"url\" class=\"qodef-e-title-link\" href=\"https:\/\/thebelizecollection.com\/fr\/the-belize-collection-elargit-son-portefeuille-avec-blue-reef-beach-resort-and-marina-placencia\/\">\n\t\tThe Belize Collection \u00e9largit son portefeuille avec Blue Reef Beach Resort and Marina, Placencia\t<\/a>\n<\/h4>\n\t\t<p itemprop=\"description\" class=\"qodef-e-excerpt\">Belmopan, Belize \u2014 12 janvier 2026 \u2014 The Belize Collection a le plaisir d\u2019annoncer qu\u2019elle a officiellement repris la gestion de Blue Reef Beach Resort and Marina, un \u00e9tablissement en bord de mer \u00e0 Placencia, anciennement connu sous le nom de Robert\u2019s Grove Beach Resort<\/p>\n\t\t\t\t\t<\/div>\n\t\t\t<div class=\"qodef-e-bottom-holder\">\n                \t<div class=\"qodef-e-read-more\">\n\t\t<a class=\"qodef-shortcode qodef-m qodef-button qodef-layout--filled qodef-html--link\" href=\"https:\/\/thebelizecollection.com\/fr\/the-belize-collection-elargit-son-portefeuille-avec-blue-reef-beach-resort-and-marina-placencia\/\" target=\"_self\" >\t<span class=\"qodef-m-text\">Read More<\/span><\/a>\t<\/div>\n\t\t\t<\/div>\n\t\t<\/div>\n\t<\/div>\n<\/article>\n<article class=\"qodef-e qodef-blog-item qodef-grid-item qodef-item--square post-74494 post type-post status-publish format-standard has-post-thumbnail hentry category-blog\">\n\t<div class=\"qodef-e-inner\">\n\t\t<div class=\"qodef-e-media\">\n\t\t<div class=\"qodef-e-media-image\">\n\t\t<a itemprop=\"url\" href=\"https:\/\/thebelizecollection.com\/fr\/adoptez-le-bien-etre-en-cette-nouvelle-annee-avec-une-retraite-dans-la-jungle\/\">\n\t\t\t<img loading=\"lazy\" decoding=\"async\" width=\"650\" height=\"650\" src=\"https:\/\/thebelizecollection.com\/wp-content\/uploads\/2025\/12\/Red-and-Gold-Elegant-3D-Merry-Christmas-and-Happy-New-Year-2025-Youtube-Banner-1-650x650.png\" class=\"attachment-carsten_core_image_size_square size-carsten_core_image_size_square wp-post-image\" alt=\"\" srcset=\"https:\/\/thebelizecollection.com\/wp-content\/uploads\/2025\/12\/Red-and-Gold-Elegant-3D-Merry-Christmas-and-Happy-New-Year-2025-Youtube-Banner-1-650x650.png 650w, https:\/\/thebelizecollection.com\/wp-content\/uploads\/2025\/12\/Red-and-Gold-Elegant-3D-Merry-Christmas-and-Happy-New-Year-2025-Youtube-Banner-1-150x150.png 150w, https:\/\/thebelizecollection.com\/wp-content\/uploads\/2025\/12\/Red-and-Gold-Elegant-3D-Merry-Christmas-and-Happy-New-Year-2025-Youtube-Banner-1-1300x1300.png 1300w\" sizes=\"(max-width: 650px) 100vw, 650px\" \/>\t\t<\/a>\n\t<\/div>\n<\/div>\n\t\t<div class=\"qodef-e-content\">\n\t\t\t<div class=\"qodef-e-top-holder\">\n\t\t\t\t<div class=\"qodef-e-info\">\n\t\t\t\t\t<a itemprop=\"dateCreated\" href=\"https:\/\/thebelizecollection.com\/fr\/2025\/12\/\" class=\"entry-date \">\n\t22 d\u00e9cembre 2025<\/a><div class=\"qodef-info-separator-end\"><\/div>\n<div class=\"qodef-e-categories\">\n    <a href=\"https:\/\/thebelizecollection.com\/fr\/category\/blog\/\" rel=\"tag\">Blog<\/a>    <div class=\"qodef-info-separator-end\"><\/div>\n<\/div>\n\t\t\t\t<\/div>\n\t\t\t<\/div>\n\t\t\t<div class=\"qodef-e-text\">\n\t\t\t\t<h4 itemprop=\"name\" class=\"qodef-e-title entry-title\" >\n\t<a itemprop=\"url\" class=\"qodef-e-title-link\" href=\"https:\/\/thebelizecollection.com\/fr\/adoptez-le-bien-etre-en-cette-nouvelle-annee-avec-une-retraite-dans-la-jungle\/\">\n\t\tAdoptez le bien-\u00eatre en cette nouvelle ann\u00e9e avec une retraite dans la jungle\t<\/a>\n<\/h4>\n\t\t<p itemprop=\"description\" class=\"qodef-e-excerpt\">L&#8217;ann\u00e9e \u00e0 venir s&#8217;annonce comme l&#8217;une des plus importantes pour le tourisme de bien-\u00eatre. Des personnes de tous \u00e2ges se tournent vers des exp\u00e9riences r\u00e9paratrices pour rem\u00e9dier \u00e0 l&#8217;\u00e9puisement professionnel, avec des activit\u00e9s allant de l&#8217;obse<\/p>\n\t\t\t\t\t<\/div>\n\t\t\t<div class=\"qodef-e-bottom-holder\">\n                \t<div class=\"qodef-e-read-more\">\n\t\t<a class=\"qodef-shortcode qodef-m qodef-button qodef-layout--filled qodef-html--link\" href=\"https:\/\/thebelizecollection.com\/fr\/adoptez-le-bien-etre-en-cette-nouvelle-annee-avec-une-retraite-dans-la-jungle\/\" target=\"_self\" >\t<span class=\"qodef-m-text\">Read More<\/span><\/a>\t<\/div>\n\t\t\t<\/div>\n\t\t<\/div>\n\t<\/div>\n<\/article>\n<article class=\"qodef-e qodef-blog-item qodef-grid-item qodef-item--square post-74482 post type-post status-publish format-standard has-post-thumbnail hentry category-blog\">\n\t<div class=\"qodef-e-inner\">\n\t\t<div class=\"qodef-e-media\">\n\t\t<div class=\"qodef-e-media-image\">\n\t\t<a itemprop=\"url\" href=\"https:\/\/thebelizecollection.com\/fr\/ouverture-de-casa-de-maiz-a-lumaya-resort\/\">\n\t\t\t<img loading=\"lazy\" decoding=\"async\" width=\"650\" height=\"650\" src=\"https:\/\/thebelizecollection.com\/wp-content\/uploads\/2025\/12\/23A8327-650x650.jpg\" class=\"attachment-carsten_core_image_size_square size-carsten_core_image_size_square wp-post-image\" alt=\"\" srcset=\"https:\/\/thebelizecollection.com\/wp-content\/uploads\/2025\/12\/23A8327-650x650.jpg 650w, https:\/\/thebelizecollection.com\/wp-content\/uploads\/2025\/12\/23A8327-150x150.jpg 150w, https:\/\/thebelizecollection.com\/wp-content\/uploads\/2025\/12\/23A8327-1300x1300.jpg 1300w\" sizes=\"(max-width: 650px) 100vw, 650px\" \/>\t\t<\/a>\n\t<\/div>\n<\/div>\n\t\t<div class=\"qodef-e-content\">\n\t\t\t<div class=\"qodef-e-top-holder\">\n\t\t\t\t<div class=\"qodef-e-info\">\n\t\t\t\t\t<a itemprop=\"dateCreated\" href=\"https:\/\/thebelizecollection.com\/fr\/2025\/12\/\" class=\"entry-date \">\n\t9 d\u00e9cembre 2025<\/a><div class=\"qodef-info-separator-end\"><\/div>\n<div class=\"qodef-e-categories\">\n    <a href=\"https:\/\/thebelizecollection.com\/fr\/category\/blog\/\" rel=\"tag\">Blog<\/a>    <div class=\"qodef-info-separator-end\"><\/div>\n<\/div>\n\t\t\t\t<\/div>\n\t\t\t<\/div>\n\t\t\t<div class=\"qodef-e-text\">\n\t\t\t\t<h4 itemprop=\"name\" class=\"qodef-e-title entry-title\" >\n\t<a itemprop=\"url\" class=\"qodef-e-title-link\" href=\"https:\/\/thebelizecollection.com\/fr\/ouverture-de-casa-de-maiz-a-lumaya-resort\/\">\n\t\tOuverture de Casa de Ma\u00edz \u00e0 l&#8217;Umaya Resort\t<\/a>\n<\/h4>\n\t\t<p itemprop=\"description\" class=\"qodef-e-excerpt\">Belmopan, Belize \u2014 9 d\u00e9cembre 2025 \u2014 The Belize Collection annonce l\u2019ouverture de Casa de Ma\u00edz \u00e0 l\u2019Umaya Resort. Anciennement connu sous le nom de Restaurante Laguna, Casa de Ma\u00edz rend hommage au fondement de la cuisine m\u00e9soam\u00e9ricaine : le ma\u00efs. Cr\u00e9\u00e9 par le chef ex<\/p>\n\t\t\t\t\t<\/div>\n\t\t\t<div class=\"qodef-e-bottom-holder\">\n                \t<div class=\"qodef-e-read-more\">\n\t\t<a class=\"qodef-shortcode qodef-m qodef-button qodef-layout--filled qodef-html--link\" href=\"https:\/\/thebelizecollection.com\/fr\/ouverture-de-casa-de-maiz-a-lumaya-resort\/\" target=\"_self\" >\t<span class=\"qodef-m-text\">Read More<\/span><\/a>\t<\/div>\n\t\t\t<\/div>\n\t\t<\/div>\n\t<\/div>\n<\/article>\n<article class=\"qodef-e qodef-blog-item qodef-grid-item qodef-item--square post-74558 post type-post status-publish format-standard has-post-thumbnail hentry category-blog\">\n\t<div class=\"qodef-e-inner\">\n\t\t<div class=\"qodef-e-media\">\n\t\t<div class=\"qodef-e-media-image\">\n\t\t<a itemprop=\"url\" href=\"https:\/\/thebelizecollection.com\/fr\/passez-de-joyeuses-fetes-de-fin-dannee-avec-the-belize-collection\/\">\n\t\t\t<img loading=\"lazy\" decoding=\"async\" width=\"650\" height=\"650\" src=\"https:\/\/thebelizecollection.com\/wp-content\/uploads\/2025\/11\/23A4666-e1763157973563-650x650.jpg\" class=\"attachment-carsten_core_image_size_square size-carsten_core_image_size_square wp-post-image\" alt=\"\" srcset=\"https:\/\/thebelizecollection.com\/wp-content\/uploads\/2025\/11\/23A4666-e1763157973563-650x650.jpg 650w, https:\/\/thebelizecollection.com\/wp-content\/uploads\/2025\/11\/23A4666-e1763157973563-150x150.jpg 150w\" sizes=\"(max-width: 650px) 100vw, 650px\" \/>\t\t<\/a>\n\t<\/div>\n<\/div>\n\t\t<div class=\"qodef-e-content\">\n\t\t\t<div class=\"qodef-e-top-holder\">\n\t\t\t\t<div class=\"qodef-e-info\">\n\t\t\t\t\t<a itemprop=\"dateCreated\" href=\"https:\/\/thebelizecollection.com\/fr\/2025\/11\/\" class=\"entry-date \">\n\t14 novembre 2025<\/a><div class=\"qodef-info-separator-end\"><\/div>\n<div class=\"qodef-e-categories\">\n    <a href=\"https:\/\/thebelizecollection.com\/fr\/category\/blog\/\" rel=\"tag\">Blog<\/a>    <div class=\"qodef-info-separator-end\"><\/div>\n<\/div>\n\t\t\t\t<\/div>\n\t\t\t<\/div>\n\t\t\t<div class=\"qodef-e-text\">\n\t\t\t\t<h4 itemprop=\"name\" class=\"qodef-e-title entry-title\" >\n\t<a itemprop=\"url\" class=\"qodef-e-title-link\" href=\"https:\/\/thebelizecollection.com\/fr\/passez-de-joyeuses-fetes-de-fin-dannee-avec-the-belize-collection\/\">\n\t\tPassez de joyeuses f\u00eates de fin d\u2019ann\u00e9e avec The Belize Collection\t<\/a>\n<\/h4>\n\t\t<p itemprop=\"description\" class=\"qodef-e-excerpt\">Si l\u2019esprit des f\u00eates vous gagne d\u00e9j\u00e0, sachez que vous n\u2019\u00eates pas seul. Nous avons imagin\u00e9 de nombreuses fa\u00e7ons de r\u00e9pandre la joie des f\u00eates cette ann\u00e9e, et nous sommes impatients de les partager avec vous. Que vous aimiez les bons festins de fin d\u2019ann\u00e9e ou que vou<\/p>\n\t\t\t\t\t<\/div>\n\t\t\t<div class=\"qodef-e-bottom-holder\">\n                \t<div class=\"qodef-e-read-more\">\n\t\t<a class=\"qodef-shortcode qodef-m qodef-button qodef-layout--filled qodef-html--link\" href=\"https:\/\/thebelizecollection.com\/fr\/passez-de-joyeuses-fetes-de-fin-dannee-avec-the-belize-collection\/\" target=\"_self\" >\t<span class=\"qodef-m-text\">Read More<\/span><\/a>\t<\/div>\n\t\t\t<\/div>\n\t\t<\/div>\n\t<\/div>\n<\/article>\n\t<\/div>\n\t\t<div class=\"qodef-m-pagination qodef--load-more\" >\n\t\t<div class=\"qodef-m-pagination-inner\">\n\t\t\t<a class=\"qodef-shortcode qodef-m qodef-load-more-button qodef-button qodef-layout--filled qodef-html--link\" href=\"#\" target=\"_self\" >\t<span class=\"qodef-m-text\">Load More<\/span><\/a>\t\t<\/div>\n\t<\/div>\n\t<svg class=\"qodef-svg--spinner qodef-m-pagination-spinner\" xmlns=\"http:\/\/www.w3.org\/2000\/svg\" width=\"512\" height=\"512\" viewBox=\"0 0 512 512\"><path d=\"M304 48c0 26.51-21.49 48-48 48s-48-21.49-48-48 21.49-48 48-48 48 21.49 48 48zm-48 368c-26.51 0-48 21.49-48 48s21.49 48 48 48 48-21.49 48-48-21.49-48-48-48zm208-208c-26.51 0-48 21.49-48 48s21.49 48 48 48 48-21.49 48-48-21.49-48-48-48zM96 256c0-26.51-21.49-48-48-48S0 229.49 0 256s21.49 48 48 48 48-21.49 48-48zm12.922 99.078c-26.51 0-48 21.49-48 48s21.49 48 48 48 48-21.49 48-48c0-26.509-21.491-48-48-48zm294.156 0c-26.51 0-48 21.49-48 48s21.49 48 48 48 48-21.49 48-48c0-26.509-21.49-48-48-48zM108.922 60.922c-26.51 0-48 21.49-48 48s21.49 48 48 48 48-21.49 48-48-21.491-48-48-48z\"><\/path><\/svg><\/div>\n\t\t\t\t<\/div>\n\t\t\t\t<\/div>\n\t\t\t\t\t<\/div>\n\t\t\t\t<\/div>\n\t\t<div class=\"elementor-element elementor-element-e3dd1e0 e-flex e-con-boxed e-con e-parent\" data-id=\"e3dd1e0\" data-element_type=\"container\" data-e-type=\"container\">\n\t\t\t\t\t<div class=\"e-con-inner\">\n\t\t\t\t<div class=\"elementor-element elementor-element-ebf9f9b elementor-widget elementor-widget-spacer\" data-id=\"ebf9f9b\" data-element_type=\"widget\" data-e-type=\"widget\" data-widget_type=\"spacer.default\">\n\t\t\t\t<div class=\"elementor-widget-container\">\n\t\t\t\t\t\t\t<div class=\"elementor-spacer\">\n\t\t\t<div class=\"elementor-spacer-inner\"><\/div>\n\t\t<\/div>\n\t\t\t\t\t\t<\/div>\n\t\t\t\t<\/div>\n\t\t\t\t\t<\/div>\n\t\t\t\t<\/div>\n\t\t\t\t<\/div>\n\t\t","protected":false},"excerpt":{"rendered":"<p>TOUT SUR LE BELIZE Une collection de mots 03\/31\/2026 Blog The Belize Collection introduces the First Ski Resort in Belize In a move that might just redefine travel as we know it, The Belize Collection is proud to unveil plans for something entirely unexpected here in Belize: its first-ever ski resort. Imagine powder-soft slopes stretching [&hellip;]<\/p>\n","protected":false},"author":2,"featured_media":0,"parent":0,"menu_order":0,"comment_status":"closed","ping_status":"closed","template":"page-full-width.php","meta":{"_acf_changed":false,"_vp_format_video_url":"","_vp_image_focal_point":[],"footnotes":""},"categories":[],"tags":[],"class_list":["post-72760","page","type-page","status-publish","hentry"],"acf":[],"yoast_head":"<!-- This site is optimized with the Yoast SEO plugin v27.5 - https:\/\/yoast.com\/product\/yoast-seo-wordpress\/ -->\n<title>Blog - The Belize Collection<\/title>\n<meta name=\"robots\" content=\"index, follow, max-snippet:-1, max-image-preview:large, max-video-preview:-1\" \/>\n<link rel=\"canonical\" href=\"https:\/\/thebelizecollection.com\/fr\/blog\/\" \/>\n<meta property=\"og:locale\" content=\"fr_FR\" \/>\n<meta property=\"og:type\" content=\"article\" \/>\n<meta property=\"og:title\" content=\"Blog - The Belize Collection\" \/>\n<meta property=\"og:description\" content=\"TOUT SUR LE BELIZE Une collection de mots 03\/31\/2026 Blog The Belize Collection introduces the First Ski Resort in Belize In a move that might just redefine travel as we know it, The Belize Collection is proud to unveil plans for something entirely unexpected here in Belize: its first-ever ski resort. Imagine powder-soft slopes stretching [&hellip;]\" \/>\n<meta property=\"og:url\" content=\"https:\/\/thebelizecollection.com\/fr\/blog\/\" \/>\n<meta property=\"og:site_name\" content=\"The Belize Collection\" \/>\n<meta property=\"article:modified_time\" content=\"2026-04-07T22:27:09+00:00\" \/>\n<meta property=\"og:image\" content=\"https:\/\/thebelizecollection.com\/wp-content\/uploads\/2026\/03\/ChatGPT-Image-Mar-31-2026-02_03_16-PM-650x650.jpg\" \/>\n<meta name=\"twitter:card\" content=\"summary_large_image\" \/>\n<meta name=\"twitter:label1\" content=\"Dur\u00e9e de lecture estim\u00e9e\" \/>\n\t<meta name=\"twitter:data1\" content=\"3 minutes\" \/>\n<script type=\"application\/ld+json\" class=\"yoast-schema-graph\">{\"@context\":\"https:\\\/\\\/schema.org\",\"@graph\":[{\"@type\":\"WebPage\",\"@id\":\"https:\\\/\\\/thebelizecollection.com\\\/fr\\\/blog\\\/\",\"url\":\"https:\\\/\\\/thebelizecollection.com\\\/fr\\\/blog\\\/\",\"name\":\"Blog - The Belize Collection\",\"isPartOf\":{\"@id\":\"https:\\\/\\\/thebelizecollection.com\\\/fr\\\/#website\"},\"primaryImageOfPage\":{\"@id\":\"https:\\\/\\\/thebelizecollection.com\\\/fr\\\/blog\\\/#primaryimage\"},\"image\":{\"@id\":\"https:\\\/\\\/thebelizecollection.com\\\/fr\\\/blog\\\/#primaryimage\"},\"thumbnailUrl\":\"https:\\\/\\\/thebelizecollection.com\\\/wp-content\\\/uploads\\\/2026\\\/03\\\/ChatGPT-Image-Mar-31-2026-02_03_16-PM-650x650.jpg\",\"datePublished\":\"2023-11-23T08:19:18+00:00\",\"dateModified\":\"2026-04-07T22:27:09+00:00\",\"breadcrumb\":{\"@id\":\"https:\\\/\\\/thebelizecollection.com\\\/fr\\\/blog\\\/#breadcrumb\"},\"inLanguage\":\"fr-FR\",\"potentialAction\":[{\"@type\":\"ReadAction\",\"target\":[\"https:\\\/\\\/thebelizecollection.com\\\/fr\\\/blog\\\/\"]}]},{\"@type\":\"ImageObject\",\"inLanguage\":\"fr-FR\",\"@id\":\"https:\\\/\\\/thebelizecollection.com\\\/fr\\\/blog\\\/#primaryimage\",\"url\":\"https:\\\/\\\/thebelizecollection.com\\\/wp-content\\\/uploads\\\/2026\\\/03\\\/ChatGPT-Image-Mar-31-2026-02_03_16-PM-650x650.jpg\",\"contentUrl\":\"https:\\\/\\\/thebelizecollection.com\\\/wp-content\\\/uploads\\\/2026\\\/03\\\/ChatGPT-Image-Mar-31-2026-02_03_16-PM-650x650.jpg\"},{\"@type\":\"BreadcrumbList\",\"@id\":\"https:\\\/\\\/thebelizecollection.com\\\/fr\\\/blog\\\/#breadcrumb\",\"itemListElement\":[{\"@type\":\"ListItem\",\"position\":1,\"name\":\"Home\",\"item\":\"https:\\\/\\\/thebelizecollection.com\\\/fr\\\/the-belize-collection-2\\\/\"},{\"@type\":\"ListItem\",\"position\":2,\"name\":\"Blog\"}]},{\"@type\":\"WebSite\",\"@id\":\"https:\\\/\\\/thebelizecollection.com\\\/fr\\\/#website\",\"url\":\"https:\\\/\\\/thebelizecollection.com\\\/fr\\\/\",\"name\":\"The Belize Collection\",\"description\":\"Everything Belize\",\"potentialAction\":[{\"@type\":\"SearchAction\",\"target\":{\"@type\":\"EntryPoint\",\"urlTemplate\":\"https:\\\/\\\/thebelizecollection.com\\\/fr\\\/?s={search_term_string}\"},\"query-input\":{\"@type\":\"PropertyValueSpecification\",\"valueRequired\":true,\"valueName\":\"search_term_string\"}}],\"inLanguage\":\"fr-FR\"}]}<\/script>\n<!-- \/ Yoast SEO plugin. -->","yoast_head_json":{"title":"Blog - The Belize Collection","robots":{"index":"index","follow":"follow","max-snippet":"max-snippet:-1","max-image-preview":"max-image-preview:large","max-video-preview":"max-video-preview:-1"},"canonical":"https:\/\/thebelizecollection.com\/fr\/blog\/","og_locale":"fr_FR","og_type":"article","og_title":"Blog - The Belize Collection","og_description":"TOUT SUR LE BELIZE Une collection de mots 03\/31\/2026 Blog The Belize Collection introduces the First Ski Resort in Belize In a move that might just redefine travel as we know it, The Belize Collection is proud to unveil plans for something entirely unexpected here in Belize: its first-ever ski resort. Imagine powder-soft slopes stretching [&hellip;]","og_url":"https:\/\/thebelizecollection.com\/fr\/blog\/","og_site_name":"The Belize Collection","article_modified_time":"2026-04-07T22:27:09+00:00","og_image":[{"url":"https:\/\/thebelizecollection.com\/wp-content\/uploads\/2026\/03\/ChatGPT-Image-Mar-31-2026-02_03_16-PM-650x650.jpg","type":"","width":"","height":""}],"twitter_card":"summary_large_image","twitter_misc":{"Dur\u00e9e de lecture estim\u00e9e":"3 minutes"},"schema":{"@context":"https:\/\/schema.org","@graph":[{"@type":"WebPage","@id":"https:\/\/thebelizecollection.com\/fr\/blog\/","url":"https:\/\/thebelizecollection.com\/fr\/blog\/","name":"Blog - The Belize Collection","isPartOf":{"@id":"https:\/\/thebelizecollection.com\/fr\/#website"},"primaryImageOfPage":{"@id":"https:\/\/thebelizecollection.com\/fr\/blog\/#primaryimage"},"image":{"@id":"https:\/\/thebelizecollection.com\/fr\/blog\/#primaryimage"},"thumbnailUrl":"https:\/\/thebelizecollection.com\/wp-content\/uploads\/2026\/03\/ChatGPT-Image-Mar-31-2026-02_03_16-PM-650x650.jpg","datePublished":"2023-11-23T08:19:18+00:00","dateModified":"2026-04-07T22:27:09+00:00","breadcrumb":{"@id":"https:\/\/thebelizecollection.com\/fr\/blog\/#breadcrumb"},"inLanguage":"fr-FR","potentialAction":[{"@type":"ReadAction","target":["https:\/\/thebelizecollection.com\/fr\/blog\/"]}]},{"@type":"ImageObject","inLanguage":"fr-FR","@id":"https:\/\/thebelizecollection.com\/fr\/blog\/#primaryimage","url":"https:\/\/thebelizecollection.com\/wp-content\/uploads\/2026\/03\/ChatGPT-Image-Mar-31-2026-02_03_16-PM-650x650.jpg","contentUrl":"https:\/\/thebelizecollection.com\/wp-content\/uploads\/2026\/03\/ChatGPT-Image-Mar-31-2026-02_03_16-PM-650x650.jpg"},{"@type":"BreadcrumbList","@id":"https:\/\/thebelizecollection.com\/fr\/blog\/#breadcrumb","itemListElement":[{"@type":"ListItem","position":1,"name":"Home","item":"https:\/\/thebelizecollection.com\/fr\/the-belize-collection-2\/"},{"@type":"ListItem","position":2,"name":"Blog"}]},{"@type":"WebSite","@id":"https:\/\/thebelizecollection.com\/fr\/#website","url":"https:\/\/thebelizecollection.com\/fr\/","name":"The Belize Collection","description":"Everything Belize","potentialAction":[{"@type":"SearchAction","target":{"@type":"EntryPoint","urlTemplate":"https:\/\/thebelizecollection.com\/fr\/?s={search_term_string}"},"query-input":{"@type":"PropertyValueSpecification","valueRequired":true,"valueName":"search_term_string"}}],"inLanguage":"fr-FR"}]}},"jetpack_sharing_enabled":true,"_links":{"self":[{"href":"https:\/\/thebelizecollection.com\/fr\/wp-json\/wp\/v2\/pages\/72760","targetHints":{"allow":["GET"]}}],"collection":[{"href":"https:\/\/thebelizecollection.com\/fr\/wp-json\/wp\/v2\/pages"}],"about":[{"href":"https:\/\/thebelizecollection.com\/fr\/wp-json\/wp\/v2\/types\/page"}],"author":[{"embeddable":true,"href":"https:\/\/thebelizecollection.com\/fr\/wp-json\/wp\/v2\/users\/2"}],"replies":[{"embeddable":true,"href":"https:\/\/thebelizecollection.com\/fr\/wp-json\/wp\/v2\/comments?post=72760"}],"version-history":[{"count":2,"href":"https:\/\/thebelizecollection.com\/fr\/wp-json\/wp\/v2\/pages\/72760\/revisions"}],"predecessor-version":[{"id":72796,"href":"https:\/\/thebelizecollection.com\/fr\/wp-json\/wp\/v2\/pages\/72760\/revisions\/72796"}],"wp:attachment":[{"href":"https:\/\/thebelizecollection.com\/fr\/wp-json\/wp\/v2\/media?parent=72760"}],"wp:term":[{"taxonomy":"category","embeddable":true,"href":"https:\/\/thebelizecollection.com\/fr\/wp-json\/wp\/v2\/categories?post=72760"},{"taxonomy":"post_tag","embeddable":true,"href":"https:\/\/thebelizecollection.com\/fr\/wp-json\/wp\/v2\/tags?post=72760"}],"curies":[{"name":"wp","href":"https:\/\/api.w.org\/{rel}","templated":true}]}}